{"id":13914,"date":"2020-02-06T00:00:00","date_gmt":"2020-02-05T23:00:00","guid":{"rendered":"https:\/\/soziolinguistika.eus\/eu\/albistaria\/71-zenbakia-2020ko-urtarrilak-23-otsailak-5\/"},"modified":"2021-03-08T17:19:46","modified_gmt":"2021-03-08T16:19:46","slug":"71-zenbakia-2020ko-urtarrilak-23-otsailak-5","status":"publish","type":"albistaria","link":"https:\/\/soziolinguistika.eus\/en\/albistaria\/71-zenbakia-2020ko-urtarrilak-23-otsailak-5\/","title":{"rendered":"71. ZENBAKIA"},"content":{"rendered":"<p>1<br \/>\n71. zenbakia<br \/>\n2020ko urtarrilak 23 \u2013 otsailak 5<br \/>\n\u2014<br \/>\nSoziolinguistika Klusterreko albisteak<br \/>\nGarabidek Ekuadorren antolatutako Kitxuaren Biziberritze Estrategietako<br \/>\nIkastaroan irakasle izan da Belen Uranga<br \/>\nSisariy kitxuen antolakundearekin batera gidatutako Kitxuaren Biziberritze Estrategietako<br \/>\nLehen Nazioarteko Ikastaroa hasi da, Ekuadorreko iparraldeko Ibarra hirian. Abiatzemoduluak<br \/>\nbi asteburu iraun ditu, eta bakoitzaren ostean kronika jaso dugu: lehenengo<br \/>\nasteburuaren osteko kronika hemen, eta bigarrena hemen.<br \/>\n\u2014<br \/>\nIkerketak<br \/>\nIa 400 noka hiztun zenbatu dituzte O\u00f1atin<br \/>\n(Argia) Egiari zor, emakume eta gizonek osatutako lauzpabost laguneko taldetxoak heldu<br \/>\nzion gaiari lehenengo. Toka hala moduz bizirik dago, baina noka desagertzera zihoala<br \/>\nkonturatu ziren. Taldetxo hura lanean hasi eta gaur egun emakume talde handiagoak noka<br \/>\nberpizte&#8230;<br \/>\n2<br \/>\n71. zenbakia<br \/>\n2020ko urtarrilak 23 \u2013 otsailak 5<br \/>\nOndarroako gazteek sare sozialetan ere eutsi egiten diote euskara<br \/>\nerabiltzeari: %85 euskaraz aritzen da<br \/>\n(UEMA) Ondarroako institutuko gazteek sareetan zer-nolako hizkuntza ohiturak dituzten<br \/>\naztertu du Jon Fernandezek, eta Txillardegi-Hausnartu soziolinguistika sarietan<br \/>\nnabarmendu dute azterketa, bigarren sariarekin.Fernandezen ondorioa argia da:<br \/>\nOndarroako gazteen arte&#8230;<br \/>\nEl catal\u00e0 continua sent la llengua m\u00e9s considerada com a pr\u00f2pia per a la<br \/>\npoblaci\u00f3 andorrana<br \/>\n(Generalitat de Catalunya) El 46 % de la poblaci\u00f3 andorrana considera el catal\u00e0 com a<br \/>\nllengua pr\u00f2pia o una de les lleng\u00fces pr\u00f2pies, un 42,6 % s\u2019identifica amb el castell\u00e0 i un 14<br \/>\n% amb el portugu\u00e8s, segons els resultats de la l\u2019enquesta \u2018Coneixements i u&#8230;<br \/>\n\u2014<br \/>\nJardunaldi, hitzaldi eta ikastaroak<br \/>\nKriola. Wednesday Silva [Hitz Adina Mintzo]\n(Oihaneder) Hitz Adina Mintzo hizkuntza gutxituak ezagutzeko zikloaren 5. ikasturteak 6<br \/>\nhizkuntza hurbilduko dizkigu: judu-espaniera, erromintxela, sorabiera, kriola, lakota eta<br \/>\nnasa yuwea. Ikasturteo laugarren hizkuntza kriola izango da eta Wednesday Silva Ginea<br \/>\nBis&#8230;<br \/>\n&#8220;Zientzia eta gizartea bidegurutzean&#8221; eztabaida guneak antolatu ditu<br \/>\nElhuyarrek Donostian<br \/>\n(Unibersitatea.net) Gizartean kezka sortzen duten gaien gaineko 4 mahai-inguru antolatu<br \/>\nditu Elhuyarrek Donostian. &#8220;Zientzia eta gizartea bidegurutzean: eztabaida guneak&#8221;<br \/>\nizenpean, ikuspegi zientifiko eta kritikoarekin landu nahi dituzte gaiak, adituak eta<br \/>\nherritarra&#8230;<br \/>\n\u2014<br \/>\nLiburuak eta artikulu zientifikoak<br \/>\nEuskararen normalizazioa: ikuspegi orokorra eta Euskal Telebistaren kasu<br \/>\npartikularra<br \/>\n(UEU) Asier Larrinaga Larrazabal. Euskal Herriko egoera soziolinguistikoari buruzko<br \/>\nartikuluetan, ohiko baieztapena da Euskal Telebista funtsezkoa dela euskararen<br \/>\n3<br \/>\n71. zenbakia<br \/>\n2020ko urtarrilak 23 \u2013 otsailak 5<br \/>\nnormalizaziorako, baina nekez eskaintzen da halako iritzi eta baieztapenei eusteko daturik.<br \/>\nIzan ere, os&#8230;<br \/>\nConflicting discourses on language rights in the Basque Autonomous<br \/>\nCommunity<br \/>\n(Language Policy) Jone Goirigolzarri Garaizar, Xabier Landabidea Urresti. The handling of<br \/>\nlinguistic diversity in the Basque Autonomous Community has been an area of constant<br \/>\npolitical debate since the establishment of the Basque\u2013Spanish co-official linguistic regi&#8230;<br \/>\nThe Sociolinguistics of Higher Education: Language Policy and<br \/>\nInternationalisation in Catalonia<br \/>\n(Xarxa CRUSCAT) Soler, Josep, Gallego-Bals\u00e0, L\u00eddia. This book investigates the sociolinguistic<br \/>\ndimension of the internationalisation of higher education, examining the linguistic tensions<br \/>\nand ambiguities experienced by universities around the world, particularly in&#8230;<br \/>\nLa igualtat de les lleng\u00fces en l\u2019Administraci\u00f3: un problema per resoldre<br \/>\n(Xarxa CRUSCAT) Source: La igualtat de les lleng\u00fces en l\u2019Administraci\u00f3: un problema per<br \/>\nresoldre. Presentaci\u00f3 del llibre. Centre Cultural La NauPresentaci\u00f3 del llibre\u201cLa igualtat de<br \/>\nles lleng\u00fces en l\u2019Administraci\u00f3: un problema per resoldre\u201dDe Vicenta Ta&#8230;<br \/>\nDokumenturen bat edo informazio bibliografiko gehiago nahi izanez gero, jo zuzenean HABE Liburutegira<br \/>\n(liburutegi@habe.eus), beraiek arduratuko baitira zure eskaria bideratzen.<br \/>\n\u2014<br \/>\nBestelako albisteak<br \/>\nGu<br \/>\n(Berria) Zuri\u00f1e Rodr\u00edguez eta Ibai Fresnedo. Euskararen inguruan iritzi artikulu bat idaztera<br \/>\ngoaz. Nortzuk, gu? Eta zer esango dugu? Polita dela, asko gustatzen zaigula, hitz egin behar<br \/>\ndugula? Bale, ondo! Hori da, beraz, gure rola. Edo euskararen eztabaida ideolo&#8230;<br \/>\nHizkuntz indarberritzea eta politika erradikalak<br \/>\n(Argia) Will Indigenous Languages Survive? (Biziraungo dute hizkuntza indigenek?) 2005.<br \/>\nurteko artikuluan, hizkuntzen indarberritzea \u201csakonki politikotzat\u201d hartu zuen Michael<br \/>\nWalsh-ek. Euskararen mugimendua aztergai duen ikerlanean, hizkuntzen indarberritzea<br \/>\n\u201cp&#8230;<br \/>\n4<br \/>\n71. zenbakia<br \/>\n2020ko urtarrilak 23 \u2013 otsailak 5<br \/>\n\u2018Argia\u2019 aldizkariak bere sarien 31. edizioa ospatu du Atxega jauregian<br \/>\n(Naiz) Urtero legez, \u2018Argia\u2019 aldizkariak izen bereko sariak banatu ditu gaur ostiralean, 31.a<br \/>\nduen edizioan. Irratian \u2018Hankak lurrin\u2019 saioak eskuratu du errekonozimendua, politikoki<br \/>\nzuzena zer den aintzat hartu gabe, umorea euskaraz egiteagatik. Prentsa atale&#8230;<br \/>\nUZEI Terminologia eta Lexikografia Zentroa Euskaltzaindiaren erakunde<br \/>\natxikia izango da<br \/>\n(Euskaltzaindia) Euskaltzaindiaren eta UZEI Terminologia eta Lexikografia Zentroaren<br \/>\narteko harremanak aspaldikoak dira, bi aldeek izenpeturiko azken lankidetza-hitzarmena<br \/>\n2013ko martxoaren 6koa dela. Besteak beste, lexikografiaren alorrean euskararen corpusa<br \/>\nikertze&#8230;<br \/>\nBabeslea:<br \/>\nBazkide partaidea:<\/p>\n","protected":false},"excerpt":{"rendered":"<p>1 71. zenbakia 2020ko urtarrilak 23 \u2013 otsailak 5 \u2014 Soziolinguistika Klusterreko albisteak Garabidek Ekuadorren antolatutako Kitxuaren Biziberritze Estrategietako Ikastaroan irakasle izan da Belen Uranga Sisariy kitxuen antolakundearekin batera gidatutako Kitxuaren Biziberritze Estrategietako Lehen Nazioarteko Ikastaroa hasi da, Ekuadorreko iparraldeko Ibarra hirian. Abiatzemoduluak bi asteburu iraun ditu, eta bakoitzaren ostean kronika jaso dugu: lehenengo asteburuaren&#8230;<\/p>\n","protected":false},"featured_media":0,"template":"","class_list":["post-13914","albistaria","type-albistaria","status-publish","hentry"],"acf":[],"yoast_head":"<!-- This site is optimized with the Yoast SEO plugin v27.3 - https:\/\/yoast.com\/product\/yoast-seo-wordpress\/ -->\n<title>71. ZENBAKIA - Soziolinguistika Klusterra<\/title>\n<meta name=\"robots\" content=\"index, follow, max-snippet:-1, max-image-preview:large, max-video-preview:-1\" \/>\n<link rel=\"canonical\" href=\"https:\/\/soziolinguistika.eus\/en\/albistaria\/71-zenbakia-2020ko-urtarrilak-23-otsailak-5\/\" \/>\n<meta property=\"og:locale\" content=\"en_US\" \/>\n<meta property=\"og:type\" content=\"article\" \/>\n<meta property=\"og:title\" content=\"71. ZENBAKIA - Soziolinguistika Klusterra\" \/>\n<meta property=\"og:description\" content=\"1 71. zenbakia 2020ko urtarrilak 23 \u2013 otsailak 5 \u2014 Soziolinguistika Klusterreko albisteak Garabidek Ekuadorren antolatutako Kitxuaren Biziberritze Estrategietako Ikastaroan irakasle izan da Belen Uranga Sisariy kitxuen antolakundearekin batera gidatutako Kitxuaren Biziberritze Estrategietako Lehen Nazioarteko Ikastaroa hasi da, Ekuadorreko iparraldeko Ibarra hirian. Abiatzemoduluak bi asteburu iraun ditu, eta bakoitzaren ostean kronika jaso dugu: lehenengo asteburuaren...\" \/>\n<meta property=\"og:url\" content=\"https:\/\/soziolinguistika.eus\/en\/albistaria\/71-zenbakia-2020ko-urtarrilak-23-otsailak-5\/\" \/>\n<meta property=\"og:site_name\" content=\"Soziolinguistika Klusterra\" \/>\n<meta property=\"article:modified_time\" content=\"2021-03-08T16:19:46+00:00\" \/>\n<meta name=\"twitter:card\" content=\"summary_large_image\" \/>\n<meta name=\"twitter:label1\" content=\"Est. reading time\" \/>\n\t<meta name=\"twitter:data1\" content=\"3 minutes\" \/>\n<script type=\"application\/ld+json\" class=\"yoast-schema-graph\">{\"@context\":\"https:\\\/\\\/schema.org\",\"@graph\":[{\"@type\":\"WebPage\",\"@id\":\"https:\\\/\\\/soziolinguistika.eus\\\/en\\\/albistaria\\\/71-zenbakia-2020ko-urtarrilak-23-otsailak-5\\\/\",\"url\":\"https:\\\/\\\/soziolinguistika.eus\\\/en\\\/albistaria\\\/71-zenbakia-2020ko-urtarrilak-23-otsailak-5\\\/\",\"name\":\"71. ZENBAKIA - Soziolinguistika Klusterra\",\"isPartOf\":{\"@id\":\"https:\\\/\\\/soziolinguistika.eus\\\/en\\\/#website\"},\"datePublished\":\"2020-02-05T23:00:00+00:00\",\"dateModified\":\"2021-03-08T16:19:46+00:00\",\"breadcrumb\":{\"@id\":\"https:\\\/\\\/soziolinguistika.eus\\\/en\\\/albistaria\\\/71-zenbakia-2020ko-urtarrilak-23-otsailak-5\\\/#breadcrumb\"},\"inLanguage\":\"en-US\",\"potentialAction\":[{\"@type\":\"ReadAction\",\"target\":[\"https:\\\/\\\/soziolinguistika.eus\\\/en\\\/albistaria\\\/71-zenbakia-2020ko-urtarrilak-23-otsailak-5\\\/\"]}]},{\"@type\":\"BreadcrumbList\",\"@id\":\"https:\\\/\\\/soziolinguistika.eus\\\/en\\\/albistaria\\\/71-zenbakia-2020ko-urtarrilak-23-otsailak-5\\\/#breadcrumb\",\"itemListElement\":[{\"@type\":\"ListItem\",\"position\":1,\"name\":\"Soziolinguistika klusterra\",\"item\":\"https:\\\/\\\/soziolinguistika.eus\\\/en\\\/\"},{\"@type\":\"ListItem\",\"position\":2,\"name\":\"71. ZENBAKIA\"}]},{\"@type\":\"WebSite\",\"@id\":\"https:\\\/\\\/soziolinguistika.eus\\\/en\\\/#website\",\"url\":\"https:\\\/\\\/soziolinguistika.eus\\\/en\\\/\",\"name\":\"Soziolinguistika Klusterra\",\"description\":\"Euskara biziberritzeko ikergunea\",\"potentialAction\":[{\"@type\":\"SearchAction\",\"target\":{\"@type\":\"EntryPoint\",\"urlTemplate\":\"https:\\\/\\\/soziolinguistika.eus\\\/en\\\/?s={search_term_string}\"},\"query-input\":{\"@type\":\"PropertyValueSpecification\",\"valueRequired\":true,\"valueName\":\"search_term_string\"}}],\"inLanguage\":\"en-US\"}]}<\/script>\n<!-- \/ Yoast SEO plugin. -->","yoast_head_json":{"title":"71. ZENBAKIA - Soziolinguistika Klusterra","robots":{"index":"index","follow":"follow","max-snippet":"max-snippet:-1","max-image-preview":"max-image-preview:large","max-video-preview":"max-video-preview:-1"},"canonical":"https:\/\/soziolinguistika.eus\/en\/albistaria\/71-zenbakia-2020ko-urtarrilak-23-otsailak-5\/","og_locale":"en_US","og_type":"article","og_title":"71. ZENBAKIA - Soziolinguistika Klusterra","og_description":"1 71. zenbakia 2020ko urtarrilak 23 \u2013 otsailak 5 \u2014 Soziolinguistika Klusterreko albisteak Garabidek Ekuadorren antolatutako Kitxuaren Biziberritze Estrategietako Ikastaroan irakasle izan da Belen Uranga Sisariy kitxuen antolakundearekin batera gidatutako Kitxuaren Biziberritze Estrategietako Lehen Nazioarteko Ikastaroa hasi da, Ekuadorreko iparraldeko Ibarra hirian. Abiatzemoduluak bi asteburu iraun ditu, eta bakoitzaren ostean kronika jaso dugu: lehenengo asteburuaren...","og_url":"https:\/\/soziolinguistika.eus\/en\/albistaria\/71-zenbakia-2020ko-urtarrilak-23-otsailak-5\/","og_site_name":"Soziolinguistika Klusterra","article_modified_time":"2021-03-08T16:19:46+00:00","twitter_card":"summary_large_image","twitter_misc":{"Est. reading time":"3 minutes"},"schema":{"@context":"https:\/\/schema.org","@graph":[{"@type":"WebPage","@id":"https:\/\/soziolinguistika.eus\/en\/albistaria\/71-zenbakia-2020ko-urtarrilak-23-otsailak-5\/","url":"https:\/\/soziolinguistika.eus\/en\/albistaria\/71-zenbakia-2020ko-urtarrilak-23-otsailak-5\/","name":"71. ZENBAKIA - Soziolinguistika Klusterra","isPartOf":{"@id":"https:\/\/soziolinguistika.eus\/en\/#website"},"datePublished":"2020-02-05T23:00:00+00:00","dateModified":"2021-03-08T16:19:46+00:00","breadcrumb":{"@id":"https:\/\/soziolinguistika.eus\/en\/albistaria\/71-zenbakia-2020ko-urtarrilak-23-otsailak-5\/#breadcrumb"},"inLanguage":"en-US","potentialAction":[{"@type":"ReadAction","target":["https:\/\/soziolinguistika.eus\/en\/albistaria\/71-zenbakia-2020ko-urtarrilak-23-otsailak-5\/"]}]},{"@type":"BreadcrumbList","@id":"https:\/\/soziolinguistika.eus\/en\/albistaria\/71-zenbakia-2020ko-urtarrilak-23-otsailak-5\/#breadcrumb","itemListElement":[{"@type":"ListItem","position":1,"name":"Soziolinguistika klusterra","item":"https:\/\/soziolinguistika.eus\/en\/"},{"@type":"ListItem","position":2,"name":"71. ZENBAKIA"}]},{"@type":"WebSite","@id":"https:\/\/soziolinguistika.eus\/en\/#website","url":"https:\/\/soziolinguistika.eus\/en\/","name":"Soziolinguistika Klusterra","description":"Euskara biziberritzeko ikergunea","potentialAction":[{"@type":"SearchAction","target":{"@type":"EntryPoint","urlTemplate":"https:\/\/soziolinguistika.eus\/en\/?s={search_term_string}"},"query-input":{"@type":"PropertyValueSpecification","valueRequired":true,"valueName":"search_term_string"}}],"inLanguage":"en-US"}]}},"_links":{"self":[{"href":"https:\/\/soziolinguistika.eus\/en\/wp-json\/wp\/v2\/albistaria\/13914","targetHints":{"allow":["GET"]}}],"collection":[{"href":"https:\/\/soziolinguistika.eus\/en\/wp-json\/wp\/v2\/albistaria"}],"about":[{"href":"https:\/\/soziolinguistika.eus\/en\/wp-json\/wp\/v2\/types\/albistaria"}],"wp:attachment":[{"href":"https:\/\/soziolinguistika.eus\/en\/wp-json\/wp\/v2\/media?parent=13914"}],"curies":[{"name":"wp","href":"https:\/\/api.w.org\/{rel}","templated":true}]}}