{"id":21297,"date":"2021-12-21T11:35:31","date_gmt":"2021-12-21T10:35:31","guid":{"rendered":"https:\/\/soziolinguistika.eus\/?post_type=mec-events&#038;p=21297"},"modified":"2021-12-21T16:52:19","modified_gmt":"2021-12-21T15:52:19","slug":"iii-congres-internacional-de-revitalitzacio-de-llengues-indigenes-i-minoritzades","status":"publish","type":"mec-events","link":"https:\/\/soziolinguistika.eus\/en\/ekitaldiak\/iii-congres-internacional-de-revitalitzacio-de-llengues-indigenes-i-minoritzades\/","title":{"rendered":"III Congr\u00e9s Internacional de Revitalitzaci\u00f3 de Lleng\u00fces Ind\u00edgenes i Minoritzades"},"content":{"rendered":"<section class=\"l-section wpb_row height_medium\"><div class=\"l-section-h i-cf\"><div class=\"g-cols vc_row via_flex valign_top type_default stacking_default\"><div class=\"vc_col-sm-12 wpb_column vc_column_container\"><div class=\"vc_column-inner\"><div class=\"wpb_wrapper\"><div class=\"wpb_text_column\"><div class=\"wpb_wrapper\"><p>&nbsp;<\/p>\n<p>&nbsp;<\/p>\n<p>El III Congr\u00e9s Internacional sobre Revitalitzaci\u00f3 de Lleng\u00fces Ind\u00edgenes i Minoritzades (III CIRLIM) se celebrar\u00e0 entre els dies 13 i 16 de setembre de 2022\u00a0en dues seus: la\u00a0Universitat de Girona\u00a0(a les facultats de\u00a0Lletres\u00a0i d\u2019Educaci\u00f3 i Psicologia) i la\u00a0Universitat de Perpiny\u00e0 Via Domitia\u00a0(a la facultat de\u00a0Lletres i Ci\u00e8ncies Humanes). Aquest Congr\u00e9s pret\u00e9n ser un punt de trobada per a persones que treballen per la revitalitzaci\u00f3 de lleng\u00fces ind\u00edgenes i minoritzades d\u2019arreu del m\u00f3n des de diferents punts de vista: la recerca, l\u2019activisme, la pedagogia i la pr\u00e0ctica sobre lleng\u00fces i cultures de poblacions ind\u00edgenes i minoritzades d\u2019arreu del m\u00f3n.<\/p>\n<p>El Congr\u00e9s t\u00e9 com a objectiu principal reunir investigadors, activistes, professionals de la llengua i estudiants per propiciar un di\u00e0leg global i interdisciplinari i servir de f\u00f2rum per a l\u2019intercanvi d\u2019idees, experi\u00e8ncies i investigacions sobre temes relacionats amb la revitalitzaci\u00f3 de les lleng\u00fces. El Congr\u00e9s es planteja, principalment, tres objectius: el primer, difondre aspectes educatius i de recerca relacionats amb el pluriling\u00fcisme; en segon lloc, donar a con\u00e8ixer actuacions a favor de la revitalitzaci\u00f3 de lleng\u00fces ind\u00edgenes i minoritzades i, en tercer lloc, divulgar investigacions sobre aspectes ling\u00fc\u00edstics, socials, pol\u00edtics i culturals relacionats amb les lleng\u00fces ind\u00edgenes i minoritzades.<\/p>\n<\/div><\/div><div class=\"wpb_text_column\"><div class=\"wpb_wrapper\"><div id=\"header\">\n<div class=\"container\">\n<div class=\"row\"><\/div>\n<\/div>\n<\/div>\n<div id=\"content\" class=\"container-fluid detail_container\">\n<div class=\"row-fluid\">\n<div class=\"\">\n<div class=\"container\">\n<div class=\"row\">\n<div class=\"col-md-8 col-md-pull-4\">\n<div id=\"description-container\">\n<p><strong>III International Conference on Revitalisation of Indigenous and Minority Languages<\/strong><\/p>\n<p><em>The III International Conference on Revitalization of Indigenous and Minoritized Languages (III CIRLIM) will be held on 13-16 September, 2022 in two venues: the University of Girona (in the Faculty of Arts and the Faculty of Education and Psychology) and the University of Perpignan Via Domitia (in the Faculty of Humanities and Social Sciences). This Conference aims to be a meeting point for people working for the revitalization of indigenous and minoritized languages from all over the world from different points of view: research, activism, pedagogy and practice on languages and cultures of indigenous and minoritized populations.<\/em><\/p>\n<p><em>The main purpose of the Conference is to bring together researchers, activists, language professionals and students to foster a global and interdisciplinary dialogue and to serve as a forum for the exchange of ideas, experiences and research on issues related to language revitalization. The Conference has three main objectives: first, to disseminate educational and research aspects related to multilingualism; second, to publicize actions in favor of the revitalization of indigenous and minoritized languages; and third, to disseminate research on linguistic, social, political and cultural aspects related to indigenous and minoritized languages.<\/em><\/p>\n<\/div>\n<\/div>\n<\/div>\n<\/div>\n<\/div>\n<\/div>\n<\/div>\n<\/div><\/div><\/div><\/div><\/div><\/div><\/div><\/section>\n","protected":false},"excerpt":{"rendered":"&nbsp; &nbsp; El III Congr\u00e9s Internacional sobre Revitalitzaci\u00f3 de Lleng\u00fces Ind\u00edgenes i Minoritzades (III CIRLIM) se celebrar\u00e0 entre els dies 13 i 16 de setembre de 2022\u00a0en dues seus: la\u00a0Universitat de Girona\u00a0(a les facultats de\u00a0Lletres\u00a0i d\u2019Educaci\u00f3 i Psicologia) i la\u00a0Universitat de Perpiny\u00e0 Via Domitia\u00a0(a la facultat de\u00a0Lletres i Ci\u00e8ncies Humanes). Aquest Congr\u00e9s pret\u00e9n ser un...","protected":false},"author":42,"featured_media":21298,"comment_status":"open","ping_status":"closed","template":"","tags":[],"mec_category":[],"class_list":["post-21297","mec-events","type-mec-events","status-publish","has-post-thumbnail","hentry"],"acf":[],"yoast_head":"<!-- This site is optimized with the Yoast SEO plugin v27.3 - https:\/\/yoast.com\/product\/yoast-seo-wordpress\/ -->\n<title>III Congr\u00e9s Internacional de Revitalitzaci\u00f3 de Lleng\u00fces Ind\u00edgenes i Minoritzades - Soziolinguistika Klusterra<\/title>\n<meta name=\"robots\" content=\"index, follow, max-snippet:-1, max-image-preview:large, max-video-preview:-1\" \/>\n<link rel=\"canonical\" href=\"https:\/\/soziolinguistika.eus\/en\/ekitaldiak\/iii-congres-internacional-de-revitalitzacio-de-llengues-indigenes-i-minoritzades\/\" \/>\n<meta property=\"og:locale\" content=\"en_US\" \/>\n<meta property=\"og:type\" content=\"article\" \/>\n<meta property=\"og:title\" content=\"III Congr\u00e9s Internacional de Revitalitzaci\u00f3 de Lleng\u00fces Ind\u00edgenes i Minoritzades - Soziolinguistika Klusterra\" \/>\n<meta property=\"og:url\" content=\"https:\/\/soziolinguistika.eus\/en\/ekitaldiak\/iii-congres-internacional-de-revitalitzacio-de-llengues-indigenes-i-minoritzades\/\" \/>\n<meta property=\"og:site_name\" content=\"Soziolinguistika Klusterra\" \/>\n<meta property=\"article:modified_time\" content=\"2021-12-21T15:52:19+00:00\" \/>\n<meta property=\"og:image\" content=\"https:\/\/soziolinguistika.eus\/wp-content\/uploads\/2021\/12\/98737.jpg\" \/>\n\t<meta property=\"og:image:width\" content=\"460\" \/>\n\t<meta property=\"og:image:height\" content=\"200\" \/>\n\t<meta property=\"og:image:type\" content=\"image\/jpeg\" \/>\n<meta name=\"twitter:card\" content=\"summary_large_image\" \/>\n<meta name=\"twitter:label1\" content=\"Est. reading time\" \/>\n\t<meta name=\"twitter:data1\" content=\"2 minutes\" \/>\n<script type=\"application\/ld+json\" class=\"yoast-schema-graph\">{\"@context\":\"https:\\\/\\\/schema.org\",\"@graph\":[{\"@type\":\"WebPage\",\"@id\":\"https:\\\/\\\/soziolinguistika.eus\\\/en\\\/ekitaldiak\\\/iii-congres-internacional-de-revitalitzacio-de-llengues-indigenes-i-minoritzades\\\/\",\"url\":\"https:\\\/\\\/soziolinguistika.eus\\\/en\\\/ekitaldiak\\\/iii-congres-internacional-de-revitalitzacio-de-llengues-indigenes-i-minoritzades\\\/\",\"name\":\"III Congr\u00e9s Internacional de Revitalitzaci\u00f3 de Lleng\u00fces Ind\u00edgenes i Minoritzades - Soziolinguistika Klusterra\",\"isPartOf\":{\"@id\":\"https:\\\/\\\/soziolinguistika.eus\\\/en\\\/#website\"},\"primaryImageOfPage\":{\"@id\":\"https:\\\/\\\/soziolinguistika.eus\\\/en\\\/ekitaldiak\\\/iii-congres-internacional-de-revitalitzacio-de-llengues-indigenes-i-minoritzades\\\/#primaryimage\"},\"image\":{\"@id\":\"https:\\\/\\\/soziolinguistika.eus\\\/en\\\/ekitaldiak\\\/iii-congres-internacional-de-revitalitzacio-de-llengues-indigenes-i-minoritzades\\\/#primaryimage\"},\"thumbnailUrl\":\"https:\\\/\\\/soziolinguistika.eus\\\/wp-content\\\/uploads\\\/2021\\\/12\\\/98737.jpg\",\"datePublished\":\"2021-12-21T10:35:31+00:00\",\"dateModified\":\"2021-12-21T15:52:19+00:00\",\"breadcrumb\":{\"@id\":\"https:\\\/\\\/soziolinguistika.eus\\\/en\\\/ekitaldiak\\\/iii-congres-internacional-de-revitalitzacio-de-llengues-indigenes-i-minoritzades\\\/#breadcrumb\"},\"inLanguage\":\"en-US\",\"potentialAction\":[{\"@type\":\"ReadAction\",\"target\":[\"https:\\\/\\\/soziolinguistika.eus\\\/en\\\/ekitaldiak\\\/iii-congres-internacional-de-revitalitzacio-de-llengues-indigenes-i-minoritzades\\\/\"]}]},{\"@type\":\"ImageObject\",\"inLanguage\":\"en-US\",\"@id\":\"https:\\\/\\\/soziolinguistika.eus\\\/en\\\/ekitaldiak\\\/iii-congres-internacional-de-revitalitzacio-de-llengues-indigenes-i-minoritzades\\\/#primaryimage\",\"url\":\"https:\\\/\\\/soziolinguistika.eus\\\/wp-content\\\/uploads\\\/2021\\\/12\\\/98737.jpg\",\"contentUrl\":\"https:\\\/\\\/soziolinguistika.eus\\\/wp-content\\\/uploads\\\/2021\\\/12\\\/98737.jpg\",\"width\":460,\"height\":200},{\"@type\":\"BreadcrumbList\",\"@id\":\"https:\\\/\\\/soziolinguistika.eus\\\/en\\\/ekitaldiak\\\/iii-congres-internacional-de-revitalitzacio-de-llengues-indigenes-i-minoritzades\\\/#breadcrumb\",\"itemListElement\":[{\"@type\":\"ListItem\",\"position\":1,\"name\":\"Soziolinguistika klusterra\",\"item\":\"https:\\\/\\\/soziolinguistika.eus\\\/en\\\/\"},{\"@type\":\"ListItem\",\"position\":2,\"name\":\"Events\",\"item\":\"https:\\\/\\\/soziolinguistika.eus\\\/en\\\/ekitaldiak\\\/\"},{\"@type\":\"ListItem\",\"position\":3,\"name\":\"III Congr\u00e9s Internacional de Revitalitzaci\u00f3 de Lleng\u00fces Ind\u00edgenes i Minoritzades\"}]},{\"@type\":\"WebSite\",\"@id\":\"https:\\\/\\\/soziolinguistika.eus\\\/en\\\/#website\",\"url\":\"https:\\\/\\\/soziolinguistika.eus\\\/en\\\/\",\"name\":\"Soziolinguistika Klusterra\",\"description\":\"Euskara biziberritzeko ikergunea\",\"potentialAction\":[{\"@type\":\"SearchAction\",\"target\":{\"@type\":\"EntryPoint\",\"urlTemplate\":\"https:\\\/\\\/soziolinguistika.eus\\\/en\\\/?s={search_term_string}\"},\"query-input\":{\"@type\":\"PropertyValueSpecification\",\"valueRequired\":true,\"valueName\":\"search_term_string\"}}],\"inLanguage\":\"en-US\"}]}<\/script>\n<!-- \/ Yoast SEO plugin. -->","yoast_head_json":{"title":"III Congr\u00e9s Internacional de Revitalitzaci\u00f3 de Lleng\u00fces Ind\u00edgenes i Minoritzades - Soziolinguistika Klusterra","robots":{"index":"index","follow":"follow","max-snippet":"max-snippet:-1","max-image-preview":"max-image-preview:large","max-video-preview":"max-video-preview:-1"},"canonical":"https:\/\/soziolinguistika.eus\/en\/ekitaldiak\/iii-congres-internacional-de-revitalitzacio-de-llengues-indigenes-i-minoritzades\/","og_locale":"en_US","og_type":"article","og_title":"III Congr\u00e9s Internacional de Revitalitzaci\u00f3 de Lleng\u00fces Ind\u00edgenes i Minoritzades - Soziolinguistika Klusterra","og_url":"https:\/\/soziolinguistika.eus\/en\/ekitaldiak\/iii-congres-internacional-de-revitalitzacio-de-llengues-indigenes-i-minoritzades\/","og_site_name":"Soziolinguistika Klusterra","article_modified_time":"2021-12-21T15:52:19+00:00","og_image":[{"width":460,"height":200,"url":"https:\/\/soziolinguistika.eus\/wp-content\/uploads\/2021\/12\/98737.jpg","type":"image\/jpeg"}],"twitter_card":"summary_large_image","twitter_misc":{"Est. reading time":"2 minutes"},"schema":{"@context":"https:\/\/schema.org","@graph":[{"@type":"WebPage","@id":"https:\/\/soziolinguistika.eus\/en\/ekitaldiak\/iii-congres-internacional-de-revitalitzacio-de-llengues-indigenes-i-minoritzades\/","url":"https:\/\/soziolinguistika.eus\/en\/ekitaldiak\/iii-congres-internacional-de-revitalitzacio-de-llengues-indigenes-i-minoritzades\/","name":"III Congr\u00e9s Internacional de Revitalitzaci\u00f3 de Lleng\u00fces Ind\u00edgenes i Minoritzades - Soziolinguistika Klusterra","isPartOf":{"@id":"https:\/\/soziolinguistika.eus\/en\/#website"},"primaryImageOfPage":{"@id":"https:\/\/soziolinguistika.eus\/en\/ekitaldiak\/iii-congres-internacional-de-revitalitzacio-de-llengues-indigenes-i-minoritzades\/#primaryimage"},"image":{"@id":"https:\/\/soziolinguistika.eus\/en\/ekitaldiak\/iii-congres-internacional-de-revitalitzacio-de-llengues-indigenes-i-minoritzades\/#primaryimage"},"thumbnailUrl":"https:\/\/soziolinguistika.eus\/wp-content\/uploads\/2021\/12\/98737.jpg","datePublished":"2021-12-21T10:35:31+00:00","dateModified":"2021-12-21T15:52:19+00:00","breadcrumb":{"@id":"https:\/\/soziolinguistika.eus\/en\/ekitaldiak\/iii-congres-internacional-de-revitalitzacio-de-llengues-indigenes-i-minoritzades\/#breadcrumb"},"inLanguage":"en-US","potentialAction":[{"@type":"ReadAction","target":["https:\/\/soziolinguistika.eus\/en\/ekitaldiak\/iii-congres-internacional-de-revitalitzacio-de-llengues-indigenes-i-minoritzades\/"]}]},{"@type":"ImageObject","inLanguage":"en-US","@id":"https:\/\/soziolinguistika.eus\/en\/ekitaldiak\/iii-congres-internacional-de-revitalitzacio-de-llengues-indigenes-i-minoritzades\/#primaryimage","url":"https:\/\/soziolinguistika.eus\/wp-content\/uploads\/2021\/12\/98737.jpg","contentUrl":"https:\/\/soziolinguistika.eus\/wp-content\/uploads\/2021\/12\/98737.jpg","width":460,"height":200},{"@type":"BreadcrumbList","@id":"https:\/\/soziolinguistika.eus\/en\/ekitaldiak\/iii-congres-internacional-de-revitalitzacio-de-llengues-indigenes-i-minoritzades\/#breadcrumb","itemListElement":[{"@type":"ListItem","position":1,"name":"Soziolinguistika klusterra","item":"https:\/\/soziolinguistika.eus\/en\/"},{"@type":"ListItem","position":2,"name":"Events","item":"https:\/\/soziolinguistika.eus\/en\/ekitaldiak\/"},{"@type":"ListItem","position":3,"name":"III Congr\u00e9s Internacional de Revitalitzaci\u00f3 de Lleng\u00fces Ind\u00edgenes i Minoritzades"}]},{"@type":"WebSite","@id":"https:\/\/soziolinguistika.eus\/en\/#website","url":"https:\/\/soziolinguistika.eus\/en\/","name":"Soziolinguistika Klusterra","description":"Euskara biziberritzeko ikergunea","potentialAction":[{"@type":"SearchAction","target":{"@type":"EntryPoint","urlTemplate":"https:\/\/soziolinguistika.eus\/en\/?s={search_term_string}"},"query-input":{"@type":"PropertyValueSpecification","valueRequired":true,"valueName":"search_term_string"}}],"inLanguage":"en-US"}]}},"_links":{"self":[{"href":"https:\/\/soziolinguistika.eus\/en\/wp-json\/wp\/v2\/mec-events\/21297","targetHints":{"allow":["GET"]}}],"collection":[{"href":"https:\/\/soziolinguistika.eus\/en\/wp-json\/wp\/v2\/mec-events"}],"about":[{"href":"https:\/\/soziolinguistika.eus\/en\/wp-json\/wp\/v2\/types\/mec-events"}],"author":[{"embeddable":true,"href":"https:\/\/soziolinguistika.eus\/en\/wp-json\/wp\/v2\/users\/42"}],"replies":[{"embeddable":true,"href":"https:\/\/soziolinguistika.eus\/en\/wp-json\/wp\/v2\/comments?post=21297"}],"wp:featuredmedia":[{"embeddable":true,"href":"https:\/\/soziolinguistika.eus\/en\/wp-json\/wp\/v2\/media\/21298"}],"wp:attachment":[{"href":"https:\/\/soziolinguistika.eus\/en\/wp-json\/wp\/v2\/media?parent=21297"}],"wp:term":[{"taxonomy":"post_tag","embeddable":true,"href":"https:\/\/soziolinguistika.eus\/en\/wp-json\/wp\/v2\/tags?post=21297"},{"taxonomy":"mec_category","embeddable":true,"href":"https:\/\/soziolinguistika.eus\/en\/wp-json\/wp\/v2\/mec_category?post=21297"}],"curies":[{"name":"wp","href":"https:\/\/api.w.org\/{rel}","templated":true}]}}