{"id":13854,"date":"2019-06-27T00:00:00","date_gmt":"2019-06-26T23:00:00","guid":{"rendered":"https:\/\/soziolinguistika.eus\/eu\/albistaria\/59-zenbakia-2019ko-ekainak-13-26\/"},"modified":"2021-03-08T17:19:54","modified_gmt":"2021-03-08T16:19:54","slug":"59-zenbakia-2019ko-ekainak-13-26","status":"publish","type":"albistaria","link":"https:\/\/soziolinguistika.eus\/es\/albistaria\/59-zenbakia-2019ko-ekainak-13-26\/","title":{"rendered":"59. ZENBAKIA"},"content":{"rendered":"<p>1<br \/>\n59. zenbakia<br \/>\n2019ko ekainak 13 \u2013 26<br \/>\n\u2014<br \/>\nSoziolinguistika Klusterreko albisteak<br \/>\nTxillardegi-Hausnartu soziolinguistika sarietara lanak aurkezteko aukera<br \/>\nzabalik<br \/>\n2008. urtean sortu zenetik, lehiaketaren helburu nagusia euskal soziolinguistika teorikoaren<br \/>\neta metodologikoaren garapena eta berrikuntza da. Euskal soziolinguistikarekin ikerlarien<br \/>\nlana bultzatzea eta beste hainbat ikerlari ere euskal soziolinguistikaren eremura bi&#8230;<br \/>\nFrisiako Af\u00fbk erakundea Euskal Herrian<br \/>\nFrisiako Af\u00fbk erakundeko ordezkari den Mirjam Vellinga Euskal Herrian izan da, bertako<br \/>\nhainbat erakunde eta elkarte hobeto ezagutu eta harremanak estutzeko asmoz.<br \/>\nSoziolinguistika Klusterraren bulegoan eman zuen ekainaren 19ko goiza, besteak beste.<br \/>\nBarne mintegia Jaqueline Urlarekin<br \/>\nSoziolinguistika Klusterraren bulego teknikoak barne-mintegiak egiten ditu langileen arteko<br \/>\nezagutza partekatu eta denetariko trebakuntza jorratzeko. Batzuetan aditu gonbidatuek<br \/>\nparte hartu ohi dute barne-mintegiotan eta hori izan zen pasa den ekainaren 19an<br \/>\negindako&#8230;<br \/>\n2<br \/>\n59. zenbakia<br \/>\n2019ko ekainak 13 \u2013 26<br \/>\n\u2014<br \/>\nIkerketak<br \/>\nBe\u00f1at Muguruza: \u201cErronka handi bat zagok euskara batuaren eta hitanoaren<br \/>\nuztarketan\u201d<br \/>\nBe\u00f1at Muguruza (1987, Irun) Mosku plaza bueltan jaio eta hezitakoa da, eta Gasteizen egin<br \/>\nzituen Ingeles Filologiako ikasketak. Hizkuntza Jabekuntza masterra egin zuen<br \/>\nunibertsitateko ikasketen ondotik, eta ondoren bere doktoretza tesian murgildu zen<br \/>\n(ingelerak egun&#8230;<br \/>\n\u00abJoera aldatzen ari da eta gero eta gehiago erabiltzen da ahotsa makinekin<br \/>\nharremanetan jartzeko\u00bb<br \/>\nPertsonak makinekin harremantzeko modua aldatzen ari da. Gero eta gehiago, ahotsez<br \/>\ngertatzen da, dialogo bidez. Teknologiari euskara irakasten ari direnak joera berriei begira<br \/>\ndaude. Hain zorrotz, oraintsu Google erakundearen sari garrantzitsu bat lortu dutela.<br \/>\nEneko&#8230;<br \/>\nL\u2019InformeCAT 2019 recull 50 dades sobre el catal\u00e0<br \/>\nL\u2019entitat Plataforma per la llengua, que t\u00e9 el suport de la Direcci\u00f3 General de Pol\u00edtica<br \/>\nLing\u00fc\u00edstica del Departament de Cultura i altres departaments del Govern, ha publicat l\u2019edici\u00f3<br \/>\ncorresponent a l\u2019any 2019 de l\u2019InformeCAT, que recull 50 dades sobre l&#8230;<br \/>\n\u2014<br \/>\nJardunaldi, hitzaldi eta ikastaroak<br \/>\nHizkuntza aniztasuna ezagutu, migranteei harrera integrala egiteko<br \/>\nGipuzkoan, jatorri atzerritarra duten 72.922 lagun bizi dira, nagusiki 20 estatutatik etorriak.<br \/>\n120 hizkuntza ingurutan mintzatzen dira, gaztelaniaren presentzia handia dute eta hamar<br \/>\nhizkuntza dituzte kudeaketa berezia eskatzen dutenak. Aniztasun horren aitzinean, h&#8230;<br \/>\nHizkuntza-teknologiak Gipuzkoako Udaletan<br \/>\nDonostian, 2019ko ekainaren 12an. Elhuyar Fundazioak antolatuta, \u201cHizkuntza-teknologiak<br \/>\nGipuzkoako udaletan\u201d jardunaldia egin dute gaur Donostian, Miramar jauregian.<br \/>\n3<br \/>\n59. zenbakia<br \/>\n2019ko ekainak 13 \u2013 26<br \/>\nLanguage Revitalisation: New speakers, new challenges, new linguistic forms<br \/>\nJuly 2nd 2019. The main aim of language revitalisation is to set an endangered language back<br \/>\n\u2018on its feet\u2019. Revitalisation strategies may be developed and implemented by linguists, the<br \/>\nState, language activists and the speakers themselves. However, these strategi&#8230;<br \/>\nL\u00ednguas e variedades lingu\u00edsticas amea\u00e7adas na Pen\u00ednsula Ib\u00e9rica (LAPI 2019)<br \/>\n2\u00ba Simp\u00f3sio Internacional. Existem no mundo cerca de 7000 l\u00ednguas; dessas, 2500 t\u00eam a sua<br \/>\nexist\u00eancia amea\u00e7ada e o processo de extin\u00e7\u00e3o, apesar de n\u00e3o ser um fen\u00f3meno novo,<br \/>\navan\u00e7a rapidamente. \u00c9 neste contexto que a lingu\u00edstica documentacional, uma discip&#8230;<br \/>\n\u2014<br \/>\nLiburuak eta artikulu zientifikoak<br \/>\nRevista de Llengua i Dret, n\u00famero 71 (juny 2019) &#8211; Zenbaki berria<br \/>\nLa Revista de Llengua i Dret, Journal of Language and Law, fundada en 1983, de periodicidad<br \/>\nsemestral, publica estudios acad\u00e9micos sobre el lenguaje administrativo y jur\u00eddico, el<br \/>\nderecho ling\u00fc\u00edstico, la pol\u00edtica ling\u00fc\u00edstica y la socioling\u00fc\u00edstica. Zenbakiko g&#8230;<br \/>\nLes langues-cultures : moteurs de d\u00e9mocratie et de d\u00e9veloppement<br \/>\nL&#8217;actualit\u00e9 le montre: les recompositions g\u00e9opolitiques \u00e0 la faveur de la mondialisation et de<br \/>\nla m\u00e9diatisation des \u00e9changes, mais aussi de la crise du syst\u00e8me n\u00e9olib\u00e9ral, suscitent un<br \/>\nregain des aspirations identitaires. Si, en n\u00e9gatif, celles-ci se traduis&#8230;<br \/>\nDokumenturen bat edo informazio bibliografiko gehiago nahi izanez gero, jo zuzenean HABE Liburutegira<br \/>\n(liburutegi@habe.eus), beraiek arduratuko baitira zure eskaria bideratzen.<br \/>\n\u2014<br \/>\nBestelako albisteak<br \/>\nEuskararen erabilera: jakitea ez da nahikoa<br \/>\nSoziolinguistika Klusterrak ikerketa ildo bat jarri du martxan: aztertu nahi du zer faktorek<br \/>\neragiten duten euskararen erabileran. Lehen pausoan 400 aldagai baino gehiago gurutzatu<br \/>\ndituzte ehun herritan: euskararekin zuzenean lotuak eta beste arlo batzuetakoak. Bista&#8230;<br \/>\n4<br \/>\n59. zenbakia<br \/>\n2019ko ekainak 13 \u2013 26<br \/>\nJon Abril Olaetxea izango da Elhuyarreko zuzendari nagusi berria<br \/>\nElhuyar Aholkularitzako kidea da Jon Abril Olaetxea, 2012az geroztik, partaidetzaren<br \/>\nalorrean. Esperientzia zabala du kulturgintzan, eta gogotsu heldu dio erronka berriari.. Jon<br \/>\nAbril Olaetxea, Elhuyarreko egoitzan (Usurbil). Arg: Elhuyar. Ekainaren 11n, Elhuyar fund&#8230;<br \/>\nHezkuntza arlorako lan-poltsa ireki du Mondragon Unibertsitateak<br \/>\nMondragon Unibertsitateko Humanitate eta Hezkuntza Zientzien Fakultateak 2019-2020<br \/>\nikasturterako lan-poltsa ireki du. Deialdi honetan, zazpi lanpostu bete nahi ditu denak ala<br \/>\ndenak Hezkuntza arlokoak. Interesatuek lehenbailehen bidali beharko dute curriculumak.<br \/>\nBabeslea:<br \/>\nBazkide partaidea:<\/p>\n","protected":false},"excerpt":{"rendered":"<p>1 59. zenbakia 2019ko ekainak 13 \u2013 26 \u2014 Soziolinguistika Klusterreko albisteak Txillardegi-Hausnartu soziolinguistika sarietara lanak aurkezteko aukera zabalik 2008. urtean sortu zenetik, lehiaketaren helburu nagusia euskal soziolinguistika teorikoaren eta metodologikoaren garapena eta berrikuntza da. Euskal soziolinguistikarekin ikerlarien lana bultzatzea eta beste hainbat ikerlari ere euskal soziolinguistikaren eremura bi&#8230; Frisiako Af\u00fbk erakundea Euskal Herrian Frisiako&#8230;<\/p>\n","protected":false},"featured_media":0,"template":"","class_list":["post-13854","albistaria","type-albistaria","status-publish","hentry"],"acf":[],"yoast_head":"<!-- This site is optimized with the Yoast SEO plugin v27.3 - https:\/\/yoast.com\/product\/yoast-seo-wordpress\/ -->\n<title>59. ZENBAKIA - Soziolinguistika Klusterra<\/title>\n<meta name=\"robots\" content=\"index, follow, max-snippet:-1, max-image-preview:large, max-video-preview:-1\" \/>\n<link rel=\"canonical\" href=\"https:\/\/soziolinguistika.eus\/es\/albistaria\/59-zenbakia-2019ko-ekainak-13-26\/\" \/>\n<meta property=\"og:locale\" content=\"es_ES\" \/>\n<meta property=\"og:type\" content=\"article\" \/>\n<meta property=\"og:title\" content=\"59. ZENBAKIA - Soziolinguistika Klusterra\" \/>\n<meta property=\"og:description\" content=\"1 59. zenbakia 2019ko ekainak 13 \u2013 26 \u2014 Soziolinguistika Klusterreko albisteak Txillardegi-Hausnartu soziolinguistika sarietara lanak aurkezteko aukera zabalik 2008. urtean sortu zenetik, lehiaketaren helburu nagusia euskal soziolinguistika teorikoaren eta metodologikoaren garapena eta berrikuntza da. Euskal soziolinguistikarekin ikerlarien lana bultzatzea eta beste hainbat ikerlari ere euskal soziolinguistikaren eremura bi&#8230; Frisiako Af\u00fbk erakundea Euskal Herrian Frisiako...\" \/>\n<meta property=\"og:url\" content=\"https:\/\/soziolinguistika.eus\/es\/albistaria\/59-zenbakia-2019ko-ekainak-13-26\/\" \/>\n<meta property=\"og:site_name\" content=\"Soziolinguistika Klusterra\" \/>\n<meta property=\"article:modified_time\" content=\"2021-03-08T16:19:54+00:00\" \/>\n<meta name=\"twitter:card\" content=\"summary_large_image\" \/>\n<meta name=\"twitter:label1\" content=\"Tiempo de lectura\" \/>\n\t<meta name=\"twitter:data1\" content=\"3 minutos\" \/>\n<script type=\"application\/ld+json\" class=\"yoast-schema-graph\">{\"@context\":\"https:\\\/\\\/schema.org\",\"@graph\":[{\"@type\":\"WebPage\",\"@id\":\"https:\\\/\\\/soziolinguistika.eus\\\/es\\\/albistaria\\\/59-zenbakia-2019ko-ekainak-13-26\\\/\",\"url\":\"https:\\\/\\\/soziolinguistika.eus\\\/es\\\/albistaria\\\/59-zenbakia-2019ko-ekainak-13-26\\\/\",\"name\":\"59. ZENBAKIA - Soziolinguistika Klusterra\",\"isPartOf\":{\"@id\":\"https:\\\/\\\/soziolinguistika.eus\\\/es\\\/#website\"},\"datePublished\":\"2019-06-26T23:00:00+00:00\",\"dateModified\":\"2021-03-08T16:19:54+00:00\",\"breadcrumb\":{\"@id\":\"https:\\\/\\\/soziolinguistika.eus\\\/es\\\/albistaria\\\/59-zenbakia-2019ko-ekainak-13-26\\\/#breadcrumb\"},\"inLanguage\":\"es\",\"potentialAction\":[{\"@type\":\"ReadAction\",\"target\":[\"https:\\\/\\\/soziolinguistika.eus\\\/es\\\/albistaria\\\/59-zenbakia-2019ko-ekainak-13-26\\\/\"]}]},{\"@type\":\"BreadcrumbList\",\"@id\":\"https:\\\/\\\/soziolinguistika.eus\\\/es\\\/albistaria\\\/59-zenbakia-2019ko-ekainak-13-26\\\/#breadcrumb\",\"itemListElement\":[{\"@type\":\"ListItem\",\"position\":1,\"name\":\"Soziolinguistika klusterra\",\"item\":\"https:\\\/\\\/soziolinguistika.eus\\\/es\\\/\"},{\"@type\":\"ListItem\",\"position\":2,\"name\":\"59. ZENBAKIA\"}]},{\"@type\":\"WebSite\",\"@id\":\"https:\\\/\\\/soziolinguistika.eus\\\/es\\\/#website\",\"url\":\"https:\\\/\\\/soziolinguistika.eus\\\/es\\\/\",\"name\":\"Soziolinguistika Klusterra\",\"description\":\"Euskara biziberritzeko ikergunea\",\"potentialAction\":[{\"@type\":\"SearchAction\",\"target\":{\"@type\":\"EntryPoint\",\"urlTemplate\":\"https:\\\/\\\/soziolinguistika.eus\\\/es\\\/?s={search_term_string}\"},\"query-input\":{\"@type\":\"PropertyValueSpecification\",\"valueRequired\":true,\"valueName\":\"search_term_string\"}}],\"inLanguage\":\"es\"}]}<\/script>\n<!-- \/ Yoast SEO plugin. -->","yoast_head_json":{"title":"59. ZENBAKIA - Soziolinguistika Klusterra","robots":{"index":"index","follow":"follow","max-snippet":"max-snippet:-1","max-image-preview":"max-image-preview:large","max-video-preview":"max-video-preview:-1"},"canonical":"https:\/\/soziolinguistika.eus\/es\/albistaria\/59-zenbakia-2019ko-ekainak-13-26\/","og_locale":"es_ES","og_type":"article","og_title":"59. ZENBAKIA - Soziolinguistika Klusterra","og_description":"1 59. zenbakia 2019ko ekainak 13 \u2013 26 \u2014 Soziolinguistika Klusterreko albisteak Txillardegi-Hausnartu soziolinguistika sarietara lanak aurkezteko aukera zabalik 2008. urtean sortu zenetik, lehiaketaren helburu nagusia euskal soziolinguistika teorikoaren eta metodologikoaren garapena eta berrikuntza da. Euskal soziolinguistikarekin ikerlarien lana bultzatzea eta beste hainbat ikerlari ere euskal soziolinguistikaren eremura bi&#8230; Frisiako Af\u00fbk erakundea Euskal Herrian Frisiako...","og_url":"https:\/\/soziolinguistika.eus\/es\/albistaria\/59-zenbakia-2019ko-ekainak-13-26\/","og_site_name":"Soziolinguistika Klusterra","article_modified_time":"2021-03-08T16:19:54+00:00","twitter_card":"summary_large_image","twitter_misc":{"Tiempo de lectura":"3 minutos"},"schema":{"@context":"https:\/\/schema.org","@graph":[{"@type":"WebPage","@id":"https:\/\/soziolinguistika.eus\/es\/albistaria\/59-zenbakia-2019ko-ekainak-13-26\/","url":"https:\/\/soziolinguistika.eus\/es\/albistaria\/59-zenbakia-2019ko-ekainak-13-26\/","name":"59. ZENBAKIA - Soziolinguistika Klusterra","isPartOf":{"@id":"https:\/\/soziolinguistika.eus\/es\/#website"},"datePublished":"2019-06-26T23:00:00+00:00","dateModified":"2021-03-08T16:19:54+00:00","breadcrumb":{"@id":"https:\/\/soziolinguistika.eus\/es\/albistaria\/59-zenbakia-2019ko-ekainak-13-26\/#breadcrumb"},"inLanguage":"es","potentialAction":[{"@type":"ReadAction","target":["https:\/\/soziolinguistika.eus\/es\/albistaria\/59-zenbakia-2019ko-ekainak-13-26\/"]}]},{"@type":"BreadcrumbList","@id":"https:\/\/soziolinguistika.eus\/es\/albistaria\/59-zenbakia-2019ko-ekainak-13-26\/#breadcrumb","itemListElement":[{"@type":"ListItem","position":1,"name":"Soziolinguistika klusterra","item":"https:\/\/soziolinguistika.eus\/es\/"},{"@type":"ListItem","position":2,"name":"59. ZENBAKIA"}]},{"@type":"WebSite","@id":"https:\/\/soziolinguistika.eus\/es\/#website","url":"https:\/\/soziolinguistika.eus\/es\/","name":"Soziolinguistika Klusterra","description":"Euskara biziberritzeko ikergunea","potentialAction":[{"@type":"SearchAction","target":{"@type":"EntryPoint","urlTemplate":"https:\/\/soziolinguistika.eus\/es\/?s={search_term_string}"},"query-input":{"@type":"PropertyValueSpecification","valueRequired":true,"valueName":"search_term_string"}}],"inLanguage":"es"}]}},"_links":{"self":[{"href":"https:\/\/soziolinguistika.eus\/es\/wp-json\/wp\/v2\/albistaria\/13854","targetHints":{"allow":["GET"]}}],"collection":[{"href":"https:\/\/soziolinguistika.eus\/es\/wp-json\/wp\/v2\/albistaria"}],"about":[{"href":"https:\/\/soziolinguistika.eus\/es\/wp-json\/wp\/v2\/types\/albistaria"}],"wp:attachment":[{"href":"https:\/\/soziolinguistika.eus\/es\/wp-json\/wp\/v2\/media?parent=13854"}],"curies":[{"name":"wp","href":"https:\/\/api.w.org\/{rel}","templated":true}]}}