{"id":22086,"date":"2022-05-09T13:46:19","date_gmt":"2022-05-09T12:46:19","guid":{"rendered":"https:\/\/soziolinguistika.eus\/?page_id=22086"},"modified":"2022-06-30T09:16:24","modified_gmt":"2022-06-30T08:16:24","slug":"jardunbideak","status":"publish","type":"page","link":"https:\/\/soziolinguistika.eus\/fr\/hitzargiak\/jardunbideak\/","title":{"rendered":"Jardunbideak"},"content":{"rendered":"<section class=\"l-section wpb_row height_auto width_full\"><div class=\"l-section-h i-cf\"><div class=\"g-cols vc_row via_flex valign_top type_default stacking_default\"><div class=\"vc_col-sm-12 wpb_column vc_column_container\"><div class=\"vc_column-inner\"><div class=\"wpb_wrapper\"><div class=\"w-hwrapper valign_middle align_center\"><div class=\"w-btn-wrapper align_none\"><a class=\"w-btn us-btn-style_25 us_custom_10c7dde0 has_text_color\" id=\"jardunaldiak-button\" title=\"Jardunaldiak\" href=\"\/eu\/hitzargiak\/jardunaldiak\/\"><span class=\"w-btn-label\">Jardunbideak<\/span><\/a><\/div><div class=\"w-btn-wrapper align_none\"><a class=\"w-btn us-btn-style_25\" id=\"hizkuntzak-button\" title=\"Hizkuntzak\" href=\"\/eu\/hitzargiak\/hizkuntzak\/\"><span class=\"w-btn-label\">Hizkuntzak<\/span><\/a><\/div><div class=\"w-btn-wrapper align_none\"><a class=\"w-btn us-btn-style_25\" id=\"aurkezpena-button\" title=\"Aurkezpena\" href=\"\/eu\/hitzargiak\/argitalpenak\/\"><span class=\"w-btn-label\">Argitalpenak<\/span><\/a><\/div><\/div><\/div><\/div><\/div><\/div><\/div><\/section><section class=\"l-section wpb_row height_medium width_full\"><div class=\"l-section-h i-cf\"><div class=\"g-cols vc_row via_flex valign_top type_default stacking_default\"><div class=\"vc_col-sm-8 wpb_column vc_column_container\"><div class=\"vc_column-inner\"><div class=\"wpb_wrapper\"><div class=\"w-html\"><div id=\"mapdiv\"><\/div><\/div><\/div><\/div><\/div><div class=\"vc_col-sm-4 wpb_column vc_column_container\"><div class=\"vc_column-inner\"><div class=\"wpb_wrapper\"><h2 class=\"w-text\"><span class=\"w-text-h\"><span class=\"w-text-value\">Jardunbideak<\/span><\/span><\/h2><div class=\"w-html\"><div class=\"div-with-scroll\">        <a href=\"https:\/\/soziolinguistika.eus\/fr\/ekitaldia\/golden-tree-productions-2\/\" class=\"item\" data-id=\"24070\">\n          <div>\n            <p class=\"ekitaldia-short\"><strong>Golden Tree Productions<\/strong><\/p>\n          <\/div>\n        <\/a>\n                <a href=\"https:\/\/soziolinguistika.eus\/fr\/ekitaldia\/cornish-language-programme-2\/\" class=\"item\" data-id=\"24066\">\n          <div>\n            <p class=\"ekitaldia-short\"><strong>Cornish Language Programme<\/strong><\/p>\n          <\/div>\n        <\/a>\n                <a href=\"https:\/\/soziolinguistika.eus\/fr\/ekitaldia\/loffice-du-jerriais-2\/\" class=\"item\" data-id=\"24058\">\n          <div>\n            <p class=\"ekitaldia-short\"><strong>L\u2019Office du J\u00e8rriais<\/strong><\/p>\n          <\/div>\n        <\/a>\n                <a href=\"https:\/\/soziolinguistika.eus\/fr\/ekitaldia\/voru-language-immersion-day-2\/\" class=\"item\" data-id=\"24050\">\n          <div>\n            <p class=\"ekitaldia-short\"><strong>V\u00f5ru-language immersion day<\/strong><\/p>\n          <\/div>\n        <\/a>\n                <a href=\"https:\/\/soziolinguistika.eus\/fr\/ekitaldia\/uma-pido-2\/\" class=\"item\" data-id=\"24046\">\n          <div>\n            <p class=\"ekitaldia-short\"><strong>Uma Pido<\/strong><\/p>\n          <\/div>\n        <\/a>\n                <a href=\"https:\/\/soziolinguistika.eus\/fr\/ekitaldia\/upa-upa-ubinakono-2\/\" class=\"item\" data-id=\"24042\">\n          <div>\n            <p class=\"ekitaldia-short\"><strong>Upa-upa, ubinak\u00f5n\u00f5<\/strong><\/p>\n          <\/div>\n        <\/a>\n                <a href=\"https:\/\/soziolinguistika.eus\/fr\/ekitaldia\/uma-leht-2\/\" class=\"item\" data-id=\"24038\">\n          <div>\n            <p class=\"ekitaldia-short\"><strong>Uma Leht<\/strong><\/p>\n          <\/div>\n        <\/a>\n                <a href=\"https:\/\/soziolinguistika.eus\/fr\/ekitaldia\/bersntoler-kulturinstitut-2\/\" class=\"item\" data-id=\"24030\">\n          <div>\n            <p class=\"ekitaldia-short\"><strong>Bersntoler Kulturinstitut<\/strong><\/p>\n          <\/div>\n        <\/a>\n                <a href=\"https:\/\/soziolinguistika.eus\/fr\/ekitaldia\/act-on-the-autonomy-of-aland-2\/\" class=\"item\" data-id=\"24021\">\n          <div>\n            <p class=\"ekitaldia-short\"><strong>Act on the Autonomy of \u00c5land<\/strong><\/p>\n          <\/div>\n        <\/a>\n                <a href=\"https:\/\/soziolinguistika.eus\/fr\/ekitaldia\/latgolys-studentu-centrs-2\/\" class=\"item\" data-id=\"24008\">\n          <div>\n            <p class=\"ekitaldia-short\"><strong>Latgolys Studentu Centrs<\/strong><\/p>\n          <\/div>\n        <\/a>\n                <a href=\"https:\/\/soziolinguistika.eus\/fr\/ekitaldia\/radio-kaszebe-2\/\" class=\"item\" data-id=\"23991\">\n          <div>\n            <p class=\"ekitaldia-short\"><strong>Radio Kasz\u00ebb\u00eb<\/strong><\/p>\n          <\/div>\n        <\/a>\n                <a href=\"https:\/\/soziolinguistika.eus\/fr\/ekitaldia\/espace-ressources-sammle-2\/\" class=\"item\" data-id=\"23974\">\n          <div>\n            <p class=\"ekitaldia-short\"><strong>Espace Ressources S\u00e0mmle<\/strong><\/p>\n          <\/div>\n        <\/a>\n                <a href=\"https:\/\/soziolinguistika.eus\/fr\/ekitaldia\/application-iyo-2\/\" class=\"item\" data-id=\"23970\">\n          <div>\n            <p class=\"ekitaldia-short\"><strong>Application iYo<\/strong><\/p>\n          <\/div>\n        <\/a>\n                <a href=\"https:\/\/soziolinguistika.eus\/fr\/ekitaldia\/suns-europe-2015-friuli-2\/\" class=\"item\" data-id=\"23958\">\n          <div>\n            <p class=\"ekitaldia-short\"><strong>Suns Europe 2015 Friuli<\/strong><\/p>\n          <\/div>\n        <\/a>\n                <a href=\"https:\/\/soziolinguistika.eus\/fr\/ekitaldia\/cressi-cun-plui-lenghis-2\/\" class=\"item\" data-id=\"23954\">\n          <div>\n            <p class=\"ekitaldia-short\"><strong>Cressi cun plui lenghis<\/strong><\/p>\n          <\/div>\n        <\/a>\n                <a href=\"https:\/\/soziolinguistika.eus\/fr\/ekitaldia\/raising-kurdish-children-multilingual-2\/\" class=\"item\" data-id=\"23941\">\n          <div>\n            <p class=\"ekitaldia-short\"><strong>Raising Kurdish Children Multilingual<\/strong><\/p>\n          <\/div>\n        <\/a>\n                <a href=\"https:\/\/soziolinguistika.eus\/fr\/ekitaldia\/glor-na-ngael-community-development-2\/\" class=\"item\" data-id=\"23929\">\n          <div>\n            <p class=\"ekitaldia-short\"><strong>Gl\u00f3r na nGael Community Development<\/strong><\/p>\n          <\/div>\n        <\/a>\n                <a href=\"https:\/\/soziolinguistika.eus\/fr\/ekitaldia\/rith-2\/\" class=\"item\" data-id=\"23925\">\n          <div>\n            <p class=\"ekitaldia-short\"><strong>Rith<\/strong><\/p>\n          <\/div>\n        <\/a>\n                <a href=\"https:\/\/soziolinguistika.eus\/fr\/ekitaldia\/bilingualism-for-businesses-2\/\" class=\"item\" data-id=\"23921\">\n          <div>\n            <p class=\"ekitaldia-short\"><strong>Bilingualism for businesses<\/strong><\/p>\n          <\/div>\n        <\/a>\n                <a href=\"https:\/\/soziolinguistika.eus\/fr\/ekitaldia\/irish-medium-teacher-education-2\/\" class=\"item\" data-id=\"23917\">\n          <div>\n            <p class=\"ekitaldia-short\"><strong>Irish-medium Teacher Education<\/strong><\/p>\n          <\/div>\n        <\/a>\n                <a href=\"https:\/\/soziolinguistika.eus\/fr\/ekitaldia\/coras-creidiunaithe-daistritheoiri-2\/\" class=\"item\" data-id=\"23913\">\n          <div>\n            <p class=\"ekitaldia-short\"><strong>C\u00f3ras Creidi\u00fanaithe d\u2019Aistritheoir\u00ed<\/strong><\/p>\n          <\/div>\n        <\/a>\n                <a href=\"https:\/\/soziolinguistika.eus\/fr\/ekitaldia\/culturlann-ui-chanain-2\/\" class=\"item\" data-id=\"23909\">\n          <div>\n            <p class=\"ekitaldia-short\"><strong>Cult\u00farlann U\u00ed Chan\u00e1in<\/strong><\/p>\n          <\/div>\n        <\/a>\n                <a href=\"https:\/\/soziolinguistika.eus\/fr\/ekitaldia\/corsi-daranes-2\/\" class=\"item\" data-id=\"23897\">\n          <div>\n            <p class=\"ekitaldia-short\"><strong>Corsi d&rsquo;aran\u00e9s<\/strong><\/p>\n          <\/div>\n        <\/a>\n                <a href=\"https:\/\/soziolinguistika.eus\/fr\/ekitaldia\/oc-tele-2\/\" class=\"item\" data-id=\"23893\">\n          <div>\n            <p class=\"ekitaldia-short\"><strong>OC Tel\u00e9<\/strong><\/p>\n          <\/div>\n        <\/a>\n                <a href=\"https:\/\/soziolinguistika.eus\/fr\/ekitaldia\/huelha-de-rota-tau-desvolopament-numeric-de-loccitan-2\/\" class=\"item\" data-id=\"23889\">\n          <div>\n            <p class=\"ekitaldia-short\"><strong>Huelha de rota tau desvolopament numeric de l&rsquo;occitan<\/strong><\/p>\n          <\/div>\n        <\/a>\n                <a href=\"https:\/\/soziolinguistika.eus\/fr\/ekitaldia\/cumbencon-ourtografica-de-la-lhengua-mirandesa-2\/\" class=\"item\" data-id=\"23881\">\n          <div>\n            <p class=\"ekitaldia-short\"><strong>Cumben\u00e7on ourtogr\u00e1fica de la Lh\u00e9ngua Mirandesa<\/strong><\/p>\n          <\/div>\n        <\/a>\n                <a href=\"https:\/\/soziolinguistika.eus\/fr\/ekitaldia\/learn-manx-ynsee-gaelg-2\/\" class=\"item\" data-id=\"23873\">\n          <div>\n            <p class=\"ekitaldia-short\"><strong>Learn Manx &#8211; Ynsee Gaelg<\/strong><\/p>\n          <\/div>\n        <\/a>\n                <a href=\"https:\/\/soziolinguistika.eus\/fr\/ekitaldia\/ceolas-uibhist-2\/\" class=\"item\" data-id=\"23865\">\n          <div>\n            <p class=\"ekitaldia-short\"><strong>Ce\u00f2las Uibhist<\/strong><\/p>\n          <\/div>\n        <\/a>\n                <a href=\"https:\/\/soziolinguistika.eus\/fr\/ekitaldia\/feisean-nan-gaidheal-2\/\" class=\"item\" data-id=\"23861\">\n          <div>\n            <p class=\"ekitaldia-short\"><strong>F\u00e8isean nan G\u00e0idheal<\/strong><\/p>\n          <\/div>\n        <\/a>\n                <a href=\"https:\/\/soziolinguistika.eus\/fr\/ekitaldia\/sabhal-mor-ostaig-2\/\" class=\"item\" data-id=\"23857\">\n          <div>\n            <p class=\"ekitaldia-short\"><strong>Sabhal M\u00f2r Ostaig<\/strong><\/p>\n          <\/div>\n        <\/a>\n                <a href=\"https:\/\/soziolinguistika.eus\/fr\/ekitaldia\/guthan-nan-eilean-island-voices-2\/\" class=\"item\" data-id=\"23853\">\n          <div>\n            <p class=\"ekitaldia-short\"><strong>Guthan nan Eilean \u2013 Island Voices<\/strong><\/p>\n          <\/div>\n        <\/a>\n                <a href=\"https:\/\/soziolinguistika.eus\/fr\/ekitaldia\/measuring-the-gaelic-labour-market-2\/\" class=\"item\" data-id=\"23849\">\n          <div>\n            <p class=\"ekitaldia-short\"><strong>Measuring the Gaelic Labour Market<\/strong><\/p>\n          <\/div>\n        <\/a>\n                <a href=\"https:\/\/soziolinguistika.eus\/fr\/ekitaldia\/ras-yr-iaith-2\/\" class=\"item\" data-id=\"23841\">\n          <div>\n            <p class=\"ekitaldia-short\"><strong>Ras yr Iaith<\/strong><\/p>\n          <\/div>\n        <\/a>\n                <a href=\"https:\/\/soziolinguistika.eus\/fr\/ekitaldia\/gweithion-gymraeg-2\/\" class=\"item\" data-id=\"23837\">\n          <div>\n            <p class=\"ekitaldia-short\"><strong>Gweithio\u2019n Gymraeg<\/strong><\/p>\n          <\/div>\n        <\/a>\n                <a href=\"https:\/\/soziolinguistika.eus\/fr\/ekitaldia\/rhieni-dros-addysg-gymraeg-2\/\" class=\"item\" data-id=\"23833\">\n          <div>\n            <p class=\"ekitaldia-short\"><strong>Rhieni Dros Addysg Gymraeg<\/strong><\/p>\n          <\/div>\n        <\/a>\n                <a href=\"https:\/\/soziolinguistika.eus\/fr\/ekitaldia\/bocswn-2\/\" class=\"item\" data-id=\"23829\">\n          <div>\n            <p class=\"ekitaldia-short\"><strong>Bocs\u0175n<\/strong><\/p>\n          <\/div>\n        <\/a>\n                <a href=\"https:\/\/soziolinguistika.eus\/fr\/ekitaldia\/theatr-ieuenctid-mon-2\/\" class=\"item\" data-id=\"23825\">\n          <div>\n            <p class=\"ekitaldia-short\"><strong>Theatr Ieuenctid M\u00f4n<\/strong><\/p>\n          <\/div>\n        <\/a>\n                <a href=\"https:\/\/soziolinguistika.eus\/fr\/ekitaldia\/gwynedd-schools-language-charter-2\/\" class=\"item\" data-id=\"23821\">\n          <div>\n            <p class=\"ekitaldia-short\"><strong>Gwynedd Schools\u2019 Language Charter<\/strong><\/p>\n          <\/div>\n        <\/a>\n                <a href=\"https:\/\/soziolinguistika.eus\/fr\/ekitaldia\/welsh-medium-higher-education-across-wales-2\/\" class=\"item\" data-id=\"23817\">\n          <div>\n            <p class=\"ekitaldia-short\"><strong>Welsh-medium higher education across Wales<\/strong><\/p>\n          <\/div>\n        <\/a>\n                <a href=\"https:\/\/soziolinguistika.eus\/fr\/ekitaldia\/edubreizh-2\/\" class=\"item\" data-id=\"23805\">\n          <div>\n            <p class=\"ekitaldia-short\"><strong>EduBreizh<\/strong><\/p>\n          <\/div>\n        <\/a>\n                <a href=\"https:\/\/soziolinguistika.eus\/fr\/ekitaldia\/babigou-breizh-2\/\" class=\"item\" data-id=\"23801\">\n          <div>\n            <p class=\"ekitaldia-short\"><strong>Babigo\u00f9 Breizh<\/strong><\/p>\n          <\/div>\n        <\/a>\n                <a href=\"https:\/\/soziolinguistika.eus\/fr\/ekitaldia\/numeribulle-2\/\" class=\"item\" data-id=\"23797\">\n          <div>\n            <p class=\"ekitaldia-short\"><strong>Num\u00e9ribulle<\/strong><\/p>\n          <\/div>\n        <\/a>\n                <a href=\"https:\/\/soziolinguistika.eus\/fr\/ekitaldia\/aita-2\/\" class=\"item\" data-id=\"23793\">\n          <div>\n            <p class=\"ekitaldia-short\"><strong>Ai&rsquo;ta<\/strong><\/p>\n          <\/div>\n        <\/a>\n                <a href=\"https:\/\/soziolinguistika.eus\/fr\/ekitaldia\/ar-redadeg-2\/\" class=\"item\" data-id=\"23789\">\n          <div>\n            <p class=\"ekitaldia-short\"><strong>Ar Redadeg<\/strong><\/p>\n          <\/div>\n        <\/a>\n                <a href=\"https:\/\/soziolinguistika.eus\/fr\/ekitaldia\/pigliatique-2\/\" class=\"item\" data-id=\"23781\">\n          <div>\n            <p class=\"ekitaldia-short\"><strong>#Pigliatiqu\u00e8<\/strong><\/p>\n          <\/div>\n        <\/a>\n                <a href=\"https:\/\/soziolinguistika.eus\/fr\/ekitaldia\/a-piazzetta-2\/\" class=\"item\" data-id=\"23777\">\n          <div>\n            <p class=\"ekitaldia-short\"><strong>A Piazzetta<\/strong><\/p>\n          <\/div>\n        <\/a>\n                <a href=\"https:\/\/soziolinguistika.eus\/fr\/ekitaldia\/bisas-de-lo-subordan-2\/\" class=\"item\" data-id=\"23769\">\n          <div>\n            <p class=\"ekitaldia-short\"><strong>Bisas de lo Subord\u00e1n<\/strong><\/p>\n          <\/div>\n        <\/a>\n                <a href=\"https:\/\/soziolinguistika.eus\/fr\/ekitaldia\/arredol-2\/\" class=\"item\" data-id=\"23765\">\n          <div>\n            <p class=\"ekitaldia-short\"><strong>Arredol<\/strong><\/p>\n          <\/div>\n        <\/a>\n                <a href=\"https:\/\/soziolinguistika.eus\/fr\/ekitaldia\/chornadas-de-llenguas-del-pirineu-2\/\" class=\"item\" data-id=\"23761\">\n          <div>\n            <p class=\"ekitaldia-short\"><strong>Chornadas de Llenguas del Pirineu<\/strong><\/p>\n          <\/div>\n        <\/a>\n                <a href=\"https:\/\/soziolinguistika.eus\/fr\/ekitaldia\/softaragones-2\/\" class=\"item\" data-id=\"23757\">\n          <div>\n            <p class=\"ekitaldia-short\"><strong>Softaragon\u00e9s<\/strong><\/p>\n          <\/div>\n        <\/a>\n                <a href=\"https:\/\/soziolinguistika.eus\/fr\/ekitaldia\/concurso-literario-condau-de-ribagorza-2\/\" class=\"item\" data-id=\"23753\">\n          <div>\n            <p class=\"ekitaldia-short\"><strong>Concurso literario Condau de Ribagorza<\/strong><\/p>\n          <\/div>\n        <\/a>\n                <a href=\"https:\/\/soziolinguistika.eus\/fr\/ekitaldia\/edicions-transiberiano-2\/\" class=\"item\" data-id=\"23749\">\n          <div>\n            <p class=\"ekitaldia-short\"><strong>Edicions Transiberiano<\/strong><\/p>\n          <\/div>\n        <\/a>\n                <a href=\"https:\/\/soziolinguistika.eus\/fr\/ekitaldia\/trobada-vivir-en-aragones-2\/\" class=\"item\" data-id=\"23745\">\n          <div>\n            <p class=\"ekitaldia-short\"><strong>Trobada \u201cVivir en Aragon\u00e9s\u201d<\/strong><\/p>\n          <\/div>\n        <\/a>\n                <a href=\"https:\/\/soziolinguistika.eus\/fr\/ekitaldia\/seminario-aragones-de-sociolinguistica-2\/\" class=\"item\" data-id=\"23741\">\n          <div>\n            <p class=\"ekitaldia-short\"><strong>Seminario aragon\u00e9s de socioling\u00fc\u00edstica<\/strong><\/p>\n          <\/div>\n        <\/a>\n                <a href=\"https:\/\/soziolinguistika.eus\/fr\/ekitaldia\/esfendemos-as-luengas-2\/\" class=\"item\" data-id=\"23737\">\n          <div>\n            <p class=\"ekitaldia-short\"><strong>Esfendemos as luengas<\/strong><\/p>\n          <\/div>\n        <\/a>\n                <a href=\"https:\/\/soziolinguistika.eus\/fr\/ekitaldia\/escuela-daragones-nogara-2\/\" class=\"item\" data-id=\"23733\">\n          <div>\n            <p class=\"ekitaldia-short\"><strong>Escuela d\u2019Aragon\u00e9s Nogar\u00e1<\/strong><\/p>\n          <\/div>\n        <\/a>\n                <a href=\"https:\/\/soziolinguistika.eus\/fr\/ekitaldia\/sardegna-digital-library-2\/\" class=\"item\" data-id=\"23725\">\n          <div>\n            <p class=\"ekitaldia-short\"><strong>Sardegna Digital Library<\/strong><\/p>\n          <\/div>\n        <\/a>\n                <a href=\"https:\/\/soziolinguistika.eus\/fr\/ekitaldia\/compartim-converses-2\/\" class=\"item\" data-id=\"23717\">\n          <div>\n            <p class=\"ekitaldia-short\"><strong>Compartim Converses!<\/strong><\/p>\n          <\/div>\n        <\/a>\n                <a href=\"https:\/\/soziolinguistika.eus\/fr\/ekitaldia\/gimcana-de-las-lenguas-2\/\" class=\"item\" data-id=\"23713\">\n          <div>\n            <p class=\"ekitaldia-short\"><strong>Gimcana de las lenguas<\/strong><\/p>\n          <\/div>\n        <\/a>\n                <a href=\"https:\/\/soziolinguistika.eus\/fr\/ekitaldia\/aprenem-2\/\" class=\"item\" data-id=\"23709\">\n          <div>\n            <p class=\"ekitaldia-short\"><strong>Aprenem<\/strong><\/p>\n          <\/div>\n        <\/a>\n                <a href=\"https:\/\/soziolinguistika.eus\/fr\/ekitaldia\/escola-la-sinia-2\/\" class=\"item\" data-id=\"23705\">\n          <div>\n            <p class=\"ekitaldia-short\"><strong>Escola La S\u00ednia<\/strong><\/p>\n          <\/div>\n        <\/a>\n                <a href=\"https:\/\/soziolinguistika.eus\/fr\/ekitaldia\/telp-taller-despai-linguistic-personal-2\/\" class=\"item\" data-id=\"23701\">\n          <div>\n            <p class=\"ekitaldia-short\"><strong>TELP (Taller d\u2019espai ling\u00fc\u00edstic personal)<\/strong><\/p>\n          <\/div>\n        <\/a>\n                <a href=\"https:\/\/soziolinguistika.eus\/fr\/ekitaldia\/voluntariat-per-la-llengua-2\/\" class=\"item\" data-id=\"23697\">\n          <div>\n            <p class=\"ekitaldia-short\"><strong>Voluntariat per la llengua<\/strong><\/p>\n          <\/div>\n        <\/a>\n                <a href=\"https:\/\/soziolinguistika.eus\/fr\/ekitaldia\/kafe-antzokia-2\/\" class=\"item\" data-id=\"23689\">\n          <div>\n            <p class=\"ekitaldia-short\"><strong>Kafe Antzokia<\/strong><\/p>\n          <\/div>\n        <\/a>\n                <a href=\"https:\/\/soziolinguistika.eus\/fr\/ekitaldia\/lanabes-araban-euskara-lanean-2\/\" class=\"item\" data-id=\"23685\">\n          <div>\n            <p class=\"ekitaldia-short\"><strong>LANABES \u2013 Araban Euskara Lanean<\/strong><\/p>\n          <\/div>\n        <\/a>\n                <a href=\"https:\/\/soziolinguistika.eus\/fr\/ekitaldia\/ramon-bajo-haur-eta-lehen-hezkuntza-ikastetxe-publikoa-2\/\" class=\"item\" data-id=\"23681\">\n          <div>\n            <p class=\"ekitaldia-short\"><strong>RAMON BAJO Haur eta Lehen Hezkuntza Ikastetxe publikoa<\/strong><\/p>\n          <\/div>\n        <\/a>\n                <a href=\"https:\/\/soziolinguistika.eus\/fr\/ekitaldia\/ikastoletan-euskaraz-bizi-2\/\" class=\"item\" data-id=\"23677\">\n          <div>\n            <p class=\"ekitaldia-short\"><strong>Ikastoletan euskaraz bizi<\/strong><\/p>\n          <\/div>\n        <\/a>\n                <a href=\"https:\/\/soziolinguistika.eus\/fr\/ekitaldia\/eika-kooperatibako-euskara-plana-2\/\" class=\"item\" data-id=\"23673\">\n          <div>\n            <p class=\"ekitaldia-short\"><strong>EIKA kooperatibako Euskara Plana<\/strong><\/p>\n          <\/div>\n        <\/a>\n                <a href=\"https:\/\/soziolinguistika.eus\/fr\/ekitaldia\/enpresarean-2\/\" class=\"item\" data-id=\"23669\">\n          <div>\n            <p class=\"ekitaldia-short\"><strong>Enpresarean<\/strong><\/p>\n          <\/div>\n        <\/a>\n                <a href=\"https:\/\/soziolinguistika.eus\/fr\/ekitaldia\/harrapazank-2\/\" class=\"item\" data-id=\"23665\">\n          <div>\n            <p class=\"ekitaldia-short\"><strong>Harrapazank<\/strong><\/p>\n          <\/div>\n        <\/a>\n                <a href=\"https:\/\/soziolinguistika.eus\/fr\/ekitaldia\/mintzapraktika-2\/\" class=\"item\" data-id=\"23661\">\n          <div>\n            <p class=\"ekitaldia-short\"><strong>Mintzapraktika<\/strong><\/p>\n          <\/div>\n        <\/a>\n                <a href=\"https:\/\/soziolinguistika.eus\/fr\/ekitaldia\/elkarola-2\/\" class=\"item\" data-id=\"23657\">\n          <div>\n            <p class=\"ekitaldia-short\"><strong>ElkarOla<\/strong><\/p>\n          <\/div>\n        <\/a>\n                <a href=\"https:\/\/soziolinguistika.eus\/fr\/ekitaldia\/euskara-merkataritzara-irunerrian-2\/\" class=\"item\" data-id=\"23653\">\n          <div>\n            <p class=\"ekitaldia-short\"><strong>Euskara Merkataritzara Iru\u00f1errian<\/strong><\/p>\n          <\/div>\n        <\/a>\n                <a href=\"https:\/\/soziolinguistika.eus\/fr\/ekitaldia\/aizu-aldizkaria-2\/\" class=\"item\" data-id=\"23649\">\n          <div>\n            <p class=\"ekitaldia-short\"><strong>AIZU! aldizkaria<\/strong><\/p>\n          <\/div>\n        <\/a>\n                <a href=\"https:\/\/soziolinguistika.eus\/fr\/ekitaldia\/aek-2\/\" class=\"item\" data-id=\"23645\">\n          <div>\n            <p class=\"ekitaldia-short\"><strong>AEK<\/strong><\/p>\n          <\/div>\n        <\/a>\n                <a href=\"https:\/\/soziolinguistika.eus\/fr\/ekitaldia\/eusliderrak-2\/\" class=\"item\" data-id=\"23641\">\n          <div>\n            <p class=\"ekitaldia-short\"><strong>eusLiderrak<\/strong><\/p>\n          <\/div>\n        <\/a>\n                <a href=\"https:\/\/soziolinguistika.eus\/fr\/ekitaldia\/oarsoarrak-2\/\" class=\"item\" data-id=\"23637\">\n          <div>\n            <p class=\"ekitaldia-short\"><strong>Oarsoarrak<\/strong><\/p>\n          <\/div>\n        <\/a>\n                <a href=\"https:\/\/soziolinguistika.eus\/fr\/ekitaldia\/euskarazko-hiztegi-txikia-2\/\" class=\"item\" data-id=\"23633\">\n          <div>\n            <p class=\"ekitaldia-short\"><strong>Euskarazko Hiztegi Txikia<\/strong><\/p>\n          <\/div>\n        <\/a>\n                <a href=\"https:\/\/soziolinguistika.eus\/fr\/ekitaldia\/behategia-2\/\" class=\"item\" data-id=\"23629\">\n          <div>\n            <p class=\"ekitaldia-short\"><strong>Behategia<\/strong><\/p>\n          <\/div>\n        <\/a>\n                <a href=\"https:\/\/soziolinguistika.eus\/fr\/ekitaldia\/merkataritzan-eta-ostalaritzan-ere-euskaraz-2\/\" class=\"item\" data-id=\"23625\">\n          <div>\n            <p class=\"ekitaldia-short\"><strong>Merkataritzan eta ostalaritzan ere euskaraz<\/strong><\/p>\n          <\/div>\n        <\/a>\n                <a href=\"https:\/\/soziolinguistika.eus\/fr\/ekitaldia\/tokikom-2\/\" class=\"item\" data-id=\"23621\">\n          <div>\n            <p class=\"ekitaldia-short\"><strong>Tokikom<\/strong><\/p>\n          <\/div>\n        <\/a>\n                <a href=\"https:\/\/soziolinguistika.eus\/fr\/ekitaldia\/itzultzaile-automatikoa-2\/\" class=\"item\" data-id=\"23617\">\n          <div>\n            <p class=\"ekitaldia-short\"><strong>Itzultzaile automatikoa<\/strong><\/p>\n          <\/div>\n        <\/a>\n                <a href=\"https:\/\/soziolinguistika.eus\/fr\/ekitaldia\/glisseguna-2\/\" class=\"item\" data-id=\"23613\">\n          <div>\n            <p class=\"ekitaldia-short\"><strong>GLISSEGUNA<\/strong><\/p>\n          <\/div>\n        <\/a>\n                <a href=\"https:\/\/soziolinguistika.eus\/fr\/ekitaldia\/pirritx-porrotx-eta-mari-motots-2\/\" class=\"item\" data-id=\"23609\">\n          <div>\n            <p class=\"ekitaldia-short\"><strong>Pirritx, Porrotx eta Mari Motots<\/strong><\/p>\n          <\/div>\n        <\/a>\n                <a href=\"https:\/\/soziolinguistika.eus\/fr\/ekitaldia\/bai-euskarari-ziurtagiria-2\/\" class=\"item\" data-id=\"23605\">\n          <div>\n            <p class=\"ekitaldia-short\"><strong>Bai Euskarari Ziurtagiria<\/strong><\/p>\n          <\/div>\n        <\/a>\n                <a href=\"https:\/\/soziolinguistika.eus\/fr\/ekitaldia\/euslan-programa-pilotua-2\/\" class=\"item\" data-id=\"23601\">\n          <div>\n            <p class=\"ekitaldia-short\"><strong>EUSLAN Programa pilotua<\/strong><\/p>\n          <\/div>\n        <\/a>\n                <a href=\"https:\/\/soziolinguistika.eus\/fr\/ekitaldia\/bikain-ziurtagiria-2\/\" class=\"item\" data-id=\"23597\">\n          <div>\n            <p class=\"ekitaldia-short\"><strong>BIKAIN ziurtagiria<\/strong><\/p>\n          <\/div>\n        <\/a>\n                <a href=\"https:\/\/soziolinguistika.eus\/fr\/ekitaldia\/mintzanet-2\/\" class=\"item\" data-id=\"23593\">\n          <div>\n            <p class=\"ekitaldia-short\"><strong>Mintzanet<\/strong><\/p>\n          <\/div>\n        <\/a>\n                <a href=\"https:\/\/soziolinguistika.eus\/fr\/ekitaldia\/xaldun-kortin-jolastu-gurekin-2\/\" class=\"item\" data-id=\"23589\">\n          <div>\n            <p class=\"ekitaldia-short\"><strong>Xaldun Kortin, Jolastu gurekin!<\/strong><\/p>\n          <\/div>\n        <\/a>\n                <a href=\"https:\/\/soziolinguistika.eus\/fr\/ekitaldia\/ele-eragin-linguistikoaren-ebaluazioa-2\/\" class=\"item\" data-id=\"23585\">\n          <div>\n            <p class=\"ekitaldia-short\"><strong>ELE &#8211; Eragin Linguistikoaren Ebaluazioa<\/strong><\/p>\n          <\/div>\n        <\/a>\n                <a href=\"https:\/\/soziolinguistika.eus\/fr\/ekitaldia\/herrizki-2\/\" class=\"item\" data-id=\"23581\">\n          <div>\n            <p class=\"ekitaldia-short\"><strong>Herrizki<\/strong><\/p>\n          <\/div>\n        <\/a>\n                <a href=\"https:\/\/soziolinguistika.eus\/fr\/ekitaldia\/euskal-herriko-ahotsak-2\/\" class=\"item\" data-id=\"23577\">\n          <div>\n            <p class=\"ekitaldia-short\"><strong>Euskal Herriko Ahotsak<\/strong><\/p>\n          <\/div>\n        <\/a>\n                <a href=\"https:\/\/soziolinguistika.eus\/fr\/ekitaldia\/korrika-2\/\" class=\"item\" data-id=\"23573\">\n          <div>\n            <p class=\"ekitaldia-short\"><strong>Korrika<\/strong><\/p>\n          <\/div>\n        <\/a>\n                <a href=\"https:\/\/soziolinguistika.eus\/fr\/ekitaldia\/na-llingua-de-casa-2\/\" class=\"item\" data-id=\"23565\">\n          <div>\n            <p class=\"ekitaldia-short\"><strong>Na llingua de casa<\/strong><\/p>\n          <\/div>\n        <\/a>\n                <a href=\"https:\/\/soziolinguistika.eus\/fr\/ekitaldia\/la-escolina-2\/\" class=\"item\" data-id=\"23561\">\n          <div>\n            <p class=\"ekitaldia-short\"><strong>La Escolina<\/strong><\/p>\n          <\/div>\n        <\/a>\n                <a href=\"https:\/\/soziolinguistika.eus\/fr\/ekitaldia\/iniciativa-pol-asturianu-2\/\" class=\"item\" data-id=\"23557\">\n          <div>\n            <p class=\"ekitaldia-short\"><strong>Iniciativa pol Asturianu<\/strong><\/p>\n          <\/div>\n        <\/a>\n                <a href=\"https:\/\/soziolinguistika.eus\/fr\/ekitaldia\/portal-das-palabras-2\/\" class=\"item\" data-id=\"23549\">\n          <div>\n            <p class=\"ekitaldia-short\"><strong>Portal das Palabras<\/strong><\/p>\n          <\/div>\n        <\/a>\n                <a href=\"https:\/\/soziolinguistika.eus\/fr\/ekitaldia\/clube-da-lingua-2\/\" class=\"item\" data-id=\"23545\">\n          <div>\n            <p class=\"ekitaldia-short\"><strong>Clube da Lingua<\/strong><\/p>\n          <\/div>\n        <\/a>\n                <a href=\"https:\/\/soziolinguistika.eus\/fr\/ekitaldia\/escolas-de-ensino-galego-semente-2\/\" class=\"item\" data-id=\"23541\">\n          <div>\n            <p class=\"ekitaldia-short\"><strong>Escolas de Ensino Galego Semente<\/strong><\/p>\n          <\/div>\n        <\/a>\n                <a href=\"https:\/\/soziolinguistika.eus\/fr\/ekitaldia\/documental-a-memoria-da-lingua-2\/\" class=\"item\" data-id=\"23537\">\n          <div>\n            <p class=\"ekitaldia-short\"><strong>Documental A memoria da lingua<\/strong><\/p>\n          <\/div>\n        <\/a>\n                <a href=\"https:\/\/soziolinguistika.eus\/fr\/ekitaldia\/tiralle-da-lingua-2\/\" class=\"item\" data-id=\"23533\">\n          <div>\n            <p class=\"ekitaldia-short\"><strong>T\u00edralle da lingua<\/strong><\/p>\n          <\/div>\n        <\/a>\n                <a href=\"https:\/\/soziolinguistika.eus\/fr\/ekitaldia\/cantalingua-2\/\" class=\"item\" data-id=\"23529\">\n          <div>\n            <p class=\"ekitaldia-short\"><strong>Cantalingua<\/strong><\/p>\n          <\/div>\n        <\/a>\n                <a href=\"https:\/\/soziolinguistika.eus\/fr\/ekitaldia\/como-cho-digo-2\/\" class=\"item\" data-id=\"23525\">\n          <div>\n            <p class=\"ekitaldia-short\"><strong>Como cho digo \ud83d\ude09<\/strong><\/p>\n          <\/div>\n        <\/a>\n                <a href=\"https:\/\/soziolinguistika.eus\/fr\/ekitaldia\/club-de-debate-2\/\" class=\"item\" data-id=\"23521\">\n          <div>\n            <p class=\"ekitaldia-short\"><strong>Club de debate<\/strong><\/p>\n          <\/div>\n        <\/a>\n                <a href=\"https:\/\/soziolinguistika.eus\/fr\/ekitaldia\/agasallo-2\/\" class=\"item\" data-id=\"23517\">\n          <div>\n            <p class=\"ekitaldia-short\"><strong>Agasallo<\/strong><\/p>\n          <\/div>\n        <\/a>\n                <a href=\"https:\/\/soziolinguistika.eus\/fr\/ekitaldia\/apego-2\/\" class=\"item\" data-id=\"23513\">\n          <div>\n            <p class=\"ekitaldia-short\"><strong>APEGO<\/strong><\/p>\n          <\/div>\n        <\/a>\n                <a href=\"https:\/\/soziolinguistika.eus\/fr\/ekitaldia\/gustame-o-galego-2\/\" class=\"item\" data-id=\"23509\">\n          <div>\n            <p class=\"ekitaldia-short\"><strong>G\u00fastame o galego<\/strong><\/p>\n          <\/div>\n        <\/a>\n                <a href=\"https:\/\/soziolinguistika.eus\/fr\/ekitaldia\/modelo-burela-2\/\" class=\"item\" data-id=\"23505\">\n          <div>\n            <p class=\"ekitaldia-short\"><strong>Modelo Burela<\/strong><\/p>\n          <\/div>\n        <\/a>\n                <a href=\"https:\/\/soziolinguistika.eus\/fr\/ekitaldia\/stichting-ons-bildt-2\/\" class=\"item\" data-id=\"23493\">\n          <div>\n            <p class=\"ekitaldia-short\"><strong>Stichting Ons Bildt<\/strong><\/p>\n          <\/div>\n        <\/a>\n                <a href=\"https:\/\/soziolinguistika.eus\/fr\/ekitaldia\/praat-mar-frysk-2\/\" class=\"item\" data-id=\"23489\">\n          <div>\n            <p class=\"ekitaldia-short\"><strong>Praat mar Frysk<\/strong><\/p>\n          <\/div>\n        <\/a>\n        <\/div><\/div><\/div><\/div><\/div><\/div><\/div><\/section>\n","protected":false},"excerpt":{"rendered":"La campagne Praat mar Frysk est une campagne de promotion de la langue g&eacute;n&eacute;rale en faveur de la langue frisonne. Elle a vu le jour en 2007. Les principaux groupes cibl&eacute;s sont : les jeunes, les entreprises, le secteur public (sant&eacute;, gouvernement). La campagne s&#039;appuie sur des ambassadeurs (des Frisons c&eacute;l&egrave;bres) et sur une vaste...","protected":false},"author":1,"featured_media":0,"parent":22061,"menu_order":0,"comment_status":"closed","ping_status":"closed","template":"","meta":{"_acf_changed":false,"footnotes":""},"class_list":["post-22086","page","type-page","status-publish","hentry"],"acf":[],"yoast_head":"<!-- This site is optimized with the Yoast SEO plugin v27.3 - https:\/\/yoast.com\/product\/yoast-seo-wordpress\/ -->\n<title>Jardunbideak - Soziolinguistika Klusterra<\/title>\n<meta name=\"robots\" content=\"index, follow, max-snippet:-1, max-image-preview:large, max-video-preview:-1\" \/>\n<link rel=\"canonical\" href=\"https:\/\/soziolinguistika.eus\/fr\/hitzargiak\/jardunbideak\/\" \/>\n<meta property=\"og:locale\" content=\"fr_FR\" \/>\n<meta property=\"og:type\" content=\"article\" \/>\n<meta property=\"og:title\" content=\"Jardunbideak - Soziolinguistika Klusterra\" \/>\n<meta property=\"og:url\" content=\"https:\/\/soziolinguistika.eus\/fr\/hitzargiak\/jardunbideak\/\" \/>\n<meta property=\"og:site_name\" content=\"Soziolinguistika Klusterra\" \/>\n<meta property=\"article:modified_time\" content=\"2022-06-30T08:16:24+00:00\" \/>\n<meta name=\"twitter:card\" content=\"summary_large_image\" \/>\n<meta name=\"twitter:label1\" content=\"Dur\u00e9e de lecture estim\u00e9e\" \/>\n\t<meta name=\"twitter:data1\" content=\"1 minute\" \/>\n<script type=\"application\/ld+json\" class=\"yoast-schema-graph\">{\"@context\":\"https:\\\/\\\/schema.org\",\"@graph\":[{\"@type\":\"WebPage\",\"@id\":\"https:\\\/\\\/soziolinguistika.eus\\\/fr\\\/hitzargiak\\\/jardunbideak\\\/\",\"url\":\"https:\\\/\\\/soziolinguistika.eus\\\/fr\\\/hitzargiak\\\/jardunbideak\\\/\",\"name\":\"Jardunbideak - Soziolinguistika Klusterra\",\"isPartOf\":{\"@id\":\"https:\\\/\\\/soziolinguistika.eus\\\/fr\\\/#website\"},\"datePublished\":\"2022-05-09T12:46:19+00:00\",\"dateModified\":\"2022-06-30T08:16:24+00:00\",\"breadcrumb\":{\"@id\":\"https:\\\/\\\/soziolinguistika.eus\\\/fr\\\/hitzargiak\\\/jardunbideak\\\/#breadcrumb\"},\"inLanguage\":\"fr-FR\",\"potentialAction\":[{\"@type\":\"ReadAction\",\"target\":[\"https:\\\/\\\/soziolinguistika.eus\\\/fr\\\/hitzargiak\\\/jardunbideak\\\/\"]}]},{\"@type\":\"BreadcrumbList\",\"@id\":\"https:\\\/\\\/soziolinguistika.eus\\\/fr\\\/hitzargiak\\\/jardunbideak\\\/#breadcrumb\",\"itemListElement\":[{\"@type\":\"ListItem\",\"position\":1,\"name\":\"Soziolinguistika klusterra\",\"item\":\"https:\\\/\\\/soziolinguistika.eus\\\/fr\\\/\"},{\"@type\":\"ListItem\",\"position\":2,\"name\":\"Hitzargiak\",\"item\":\"https:\\\/\\\/soziolinguistika.eus\\\/fr\\\/hitzargiak\\\/\"},{\"@type\":\"ListItem\",\"position\":3,\"name\":\"Jardunbideak\"}]},{\"@type\":\"WebSite\",\"@id\":\"https:\\\/\\\/soziolinguistika.eus\\\/fr\\\/#website\",\"url\":\"https:\\\/\\\/soziolinguistika.eus\\\/fr\\\/\",\"name\":\"Soziolinguistika Klusterra\",\"description\":\"Euskara biziberritzeko ikergunea\",\"potentialAction\":[{\"@type\":\"SearchAction\",\"target\":{\"@type\":\"EntryPoint\",\"urlTemplate\":\"https:\\\/\\\/soziolinguistika.eus\\\/fr\\\/?s={search_term_string}\"},\"query-input\":{\"@type\":\"PropertyValueSpecification\",\"valueRequired\":true,\"valueName\":\"search_term_string\"}}],\"inLanguage\":\"fr-FR\"}]}<\/script>\n<!-- \/ Yoast SEO plugin. -->","yoast_head_json":{"title":"Jardunbideak - Soziolinguistika Klusterra","robots":{"index":"index","follow":"follow","max-snippet":"max-snippet:-1","max-image-preview":"max-image-preview:large","max-video-preview":"max-video-preview:-1"},"canonical":"https:\/\/soziolinguistika.eus\/fr\/hitzargiak\/jardunbideak\/","og_locale":"fr_FR","og_type":"article","og_title":"Jardunbideak - Soziolinguistika Klusterra","og_url":"https:\/\/soziolinguistika.eus\/fr\/hitzargiak\/jardunbideak\/","og_site_name":"Soziolinguistika Klusterra","article_modified_time":"2022-06-30T08:16:24+00:00","twitter_card":"summary_large_image","twitter_misc":{"Dur\u00e9e de lecture estim\u00e9e":"1 minute"},"schema":{"@context":"https:\/\/schema.org","@graph":[{"@type":"WebPage","@id":"https:\/\/soziolinguistika.eus\/fr\/hitzargiak\/jardunbideak\/","url":"https:\/\/soziolinguistika.eus\/fr\/hitzargiak\/jardunbideak\/","name":"Jardunbideak - Soziolinguistika Klusterra","isPartOf":{"@id":"https:\/\/soziolinguistika.eus\/fr\/#website"},"datePublished":"2022-05-09T12:46:19+00:00","dateModified":"2022-06-30T08:16:24+00:00","breadcrumb":{"@id":"https:\/\/soziolinguistika.eus\/fr\/hitzargiak\/jardunbideak\/#breadcrumb"},"inLanguage":"fr-FR","potentialAction":[{"@type":"ReadAction","target":["https:\/\/soziolinguistika.eus\/fr\/hitzargiak\/jardunbideak\/"]}]},{"@type":"BreadcrumbList","@id":"https:\/\/soziolinguistika.eus\/fr\/hitzargiak\/jardunbideak\/#breadcrumb","itemListElement":[{"@type":"ListItem","position":1,"name":"Soziolinguistika klusterra","item":"https:\/\/soziolinguistika.eus\/fr\/"},{"@type":"ListItem","position":2,"name":"Hitzargiak","item":"https:\/\/soziolinguistika.eus\/fr\/hitzargiak\/"},{"@type":"ListItem","position":3,"name":"Jardunbideak"}]},{"@type":"WebSite","@id":"https:\/\/soziolinguistika.eus\/fr\/#website","url":"https:\/\/soziolinguistika.eus\/fr\/","name":"Soziolinguistika Klusterra","description":"Euskara biziberritzeko ikergunea","potentialAction":[{"@type":"SearchAction","target":{"@type":"EntryPoint","urlTemplate":"https:\/\/soziolinguistika.eus\/fr\/?s={search_term_string}"},"query-input":{"@type":"PropertyValueSpecification","valueRequired":true,"valueName":"search_term_string"}}],"inLanguage":"fr-FR"}]}},"_links":{"self":[{"href":"https:\/\/soziolinguistika.eus\/fr\/wp-json\/wp\/v2\/pages\/22086","targetHints":{"allow":["GET"]}}],"collection":[{"href":"https:\/\/soziolinguistika.eus\/fr\/wp-json\/wp\/v2\/pages"}],"about":[{"href":"https:\/\/soziolinguistika.eus\/fr\/wp-json\/wp\/v2\/types\/page"}],"author":[{"embeddable":true,"href":"https:\/\/soziolinguistika.eus\/fr\/wp-json\/wp\/v2\/users\/1"}],"replies":[{"embeddable":true,"href":"https:\/\/soziolinguistika.eus\/fr\/wp-json\/wp\/v2\/comments?post=22086"}],"version-history":[{"count":4,"href":"https:\/\/soziolinguistika.eus\/fr\/wp-json\/wp\/v2\/pages\/22086\/revisions"}],"predecessor-version":[{"id":24577,"href":"https:\/\/soziolinguistika.eus\/fr\/wp-json\/wp\/v2\/pages\/22086\/revisions\/24577"}],"up":[{"embeddable":true,"href":"https:\/\/soziolinguistika.eus\/fr\/wp-json\/wp\/v2\/pages\/22061"}],"wp:attachment":[{"href":"https:\/\/soziolinguistika.eus\/fr\/wp-json\/wp\/v2\/media?parent=22086"}],"curies":[{"name":"wp","href":"https:\/\/api.w.org\/{rel}","templated":true}]}}