{"id":87759,"date":"2024-11-26T11:54:27","date_gmt":"2024-11-26T10:54:27","guid":{"rendered":"https:\/\/soziolinguistika.eus\/?post_type=txilardegi_hausnartu&#038;p=87759"},"modified":"2026-01-07T11:40:53","modified_gmt":"2026-01-07T10:40:53","slug":"txillardegi-hausnartu-soziolinguistika-sariak-2024-xvii-edizioa","status":"publish","type":"txilardegi_hausnartu","link":"https:\/\/soziolinguistika.eus\/fr\/txilardegi_hausnartu\/txillardegi-hausnartu-soziolinguistika-sariak-2024-xvii-edizioa\/","title":{"rendered":"Txillardegi-Hausnartu Soziolinguistika Sariak 2024 XVII. edizioa"},"content":{"rendered":"<section class=\"l-section wpb_row us_custom_4af741be height_medium\"><div class=\"l-section-h i-cf\"><div class=\"g-cols vc_row via_flex valign_top type_default stacking_default\"><div class=\"vc_col-sm-6 wpb_column vc_column_container\"><div class=\"vc_column-inner\"><div class=\"wpb_wrapper\"><div class=\"w-video align_none ratio_16x9 has_iframe\"><div class=\"w-video-h\"><iframe title=\"Vimeo video player\" src=\"https:\/\/player.vimeo.com\/video\/1038741602?autoplay=0&loop=0&autopause=0&color=00adef&portrait=0&byline=1&title=1&controls=1&muted=0\" frameborder=\"0\" allow=\"autoplay; fullscreen\" allowfullscreen loading=\"lazy\"><\/iframe><\/div><\/div><div class=\"w-separator size_small\"><\/div><\/div><\/div><\/div><div class=\"vc_col-sm-6 wpb_column vc_column_container\"><div class=\"vc_column-inner\"><div class=\"wpb_wrapper\"><div class=\"wpb_text_column\"><div class=\"wpb_wrapper\"><h3><strong>Lehen saria (2.000 \u20ac)<\/strong><\/h3>\n<p><u>Izenburua:<\/u> Giza baliabideen kudeaketa euskararen normalizazioaren sektorean: talentua atxikitzea eta pertsonen motibazioari eustea (faktoreak, indarguneak eta erronkak)<\/p>\n<p><u>Egilea:<\/u> Arrate Illaro Etxebarria<\/p>\n<p><u>Laburpena:<\/u> Enpresa zuzendaritzaren eta giza baliabideen kudeaketa estrategikoaren teoriek argi adierazten dute langileen motibazioa, ezagutza eta jarrera gakoak direla erakundeek beren helburuak bete ditzaten. Euskararen normalizazioaren alde sektore publikoan zein sozialean lanean ari diren langileen motibazioari eta talentu-atxikimenduari erreparatzen die lan honek, langileen zaintzaren beharra azpimarratu eta motibazioan eragiten duten aldeko eta kontrako faktoreak argitara ateratzeko. Lanerako jasotako erantzunen arabera, hizkuntza-normalizazioa lortzeko lan egiten duten pertsona gehienek bokazioa eta lotura afektiboa sentitzen dituzte beren lanarekiko. Hala ere, langile kualifikatuei eusteko zenbait erronka ditu sektoreak. Gainera, mugimendu sozialaren eta erakunde publikoen artean zenbait desberdintasun antzematen dira.<\/p>\n<\/div><\/div><div class=\"w-separator size_small\"><\/div><\/div><\/div><\/div><\/div><\/div><\/section><section class=\"l-section wpb_row us_custom_4af741be height_medium\"><div class=\"l-section-h i-cf\"><div class=\"g-cols vc_row via_flex valign_top type_default stacking_default\"><div class=\"vc_col-sm-6 wpb_column vc_column_container\"><div class=\"vc_column-inner\"><div class=\"wpb_wrapper\"><div class=\"wpb_text_column\"><div class=\"wpb_wrapper\"><h3><strong>Bigarren saria (1.300 \u20ac)<\/strong><\/h3>\n<p><u>Izenburua:<\/u> Partaidetzazko lankidetzak hizkuntza-politiken eremuan:\u00a0 2014-2023 artean Gipuzkoako kasua aztergai<\/p>\n<p><u>Egilea:<\/u> Eider Gurrutxaga Larra\u00f1aga<\/p>\n<p><u>Laburpena:<\/u> Demokrazia zein gobernantza terminoak geroz eta presentzia handiagoa hartzen ari diren garaiotan, Gipuzkoako hizkuntza politikaren baitan maila teorikoan gobernantza bidez antolatutako hiru ekimen aztertzea izan da lan honen helburua.<\/p>\n<p>Zehazki, lankidetzazko gobernantza ebaluatzeko hainbat autorek erabilitako neurgailuak oinarri hartuta eta proiektu hauetako protagonista diren ahotsen testigantzekin josita egin da analisia. Bide batez, sakontasun demokratikoaren eta demokratizazioaren ikuspegia aintzat hartuta, Gipuzkoako errealitate soziolinguistikoan edota hizkuntza politikan eragitea helburu duten hiru egitasmo hauen etorkizunerako indarguneak eta erronkak identifikatzeko saiakera egin da.<\/p>\n<\/div><\/div><div class=\"w-separator size_small\"><\/div><\/div><\/div><\/div><div class=\"vc_col-sm-6 wpb_column vc_column_container\"><div class=\"vc_column-inner\"><div class=\"wpb_wrapper\"><div class=\"w-video align_none ratio_16x9 has_iframe\"><div class=\"w-video-h\"><iframe title=\"Vimeo video player\" src=\"https:\/\/player.vimeo.com\/video\/1038741337?autoplay=0&loop=0&autopause=0&color=00adef&portrait=0&byline=1&title=1&controls=1&muted=0\" frameborder=\"0\" allow=\"autoplay; fullscreen\" allowfullscreen loading=\"lazy\"><\/iframe><\/div><\/div><div class=\"w-separator size_small\"><\/div><\/div><\/div><\/div><\/div><\/div><\/section><section class=\"l-section wpb_row us_custom_4af741be height_medium\"><div class=\"l-section-h i-cf\"><div class=\"g-cols vc_row via_flex valign_top type_default stacking_default\"><div class=\"vc_col-sm-6 wpb_column vc_column_container\"><div class=\"vc_column-inner\"><div class=\"wpb_wrapper\"><div class=\"w-video align_none ratio_16x9 has_iframe\"><div class=\"w-video-h\"><iframe title=\"Vimeo video player\" src=\"https:\/\/player.vimeo.com\/video\/1038522245?autoplay=0&loop=0&autopause=0&color=00adef&portrait=0&byline=1&title=1&controls=1&muted=0\" frameborder=\"0\" allow=\"autoplay; fullscreen\" allowfullscreen loading=\"lazy\"><\/iframe><\/div><\/div><div class=\"w-separator size_small\"><\/div><\/div><\/div><\/div><div class=\"vc_col-sm-6 wpb_column vc_column_container\"><div class=\"vc_column-inner\"><div class=\"wpb_wrapper\"><div class=\"wpb_text_column\"><div class=\"wpb_wrapper\"><h3><strong>Hirugarren saria (1.000 \u20ac)<\/strong><\/h3>\n<p><u>Izenburua:<\/u> Durangaldeko 16-18 urte bitarteko gazteen euskararen erabilera arau sozialen zokoan.<\/p>\n<p><u>Egilea:<\/u> Oihane Alava Bernaola<\/p>\n<p><u>Laburpena:<\/u> Euskal Herriak lur eremu handia ez badu ere, herri batetik bestera sortzen diren euskararen erabilera aldaketak nabarmenak dira. Egiaz, ikerketa honen xedea gazteen hizkuntzara hurbilketa bat egitea da. Horretarako, Durangaldeko 16 eta 18 urte bitarteko gazteen hizkuntza-praktikak aztergai izan dira, hain zuzen ere, Durangoko Ibaizabal Ikastolakoak eta San Jose Jesuitak Ikastetxekoak. Lehenengo, gazteen euskararen erabilera aitortua ezagutzeko, bi ikastetxeetako 376 gazteek galdetegi bat erantzun dute. Ondoren, behaketa-etnografikoa eginda, hiztunek hizkuntza zein unetan erabiltzen duten identifikatu ahal izan da. Azkenik, lau eztabaida-talde bideratu dira, bi hezkuntza zentro bakoitzean. Horiekin guztiekin, gazteen gogoeta eta iritzietatik abiatuta, euskararen egoera arau sozialen zokoan aztertu da.<\/p>\n<\/div><\/div><div class=\"w-separator size_small\"><\/div><\/div><\/div><\/div><\/div><\/div><\/section><section class=\"l-section wpb_row us_custom_4af741be height_medium\"><div class=\"l-section-h i-cf\"><div class=\"g-cols vc_row via_flex valign_top type_default stacking_default\"><div class=\"vc_col-sm-6 wpb_column vc_column_container\"><div class=\"vc_column-inner\"><div class=\"wpb_wrapper\"><div class=\"wpb_text_column\"><div class=\"wpb_wrapper\"><h2><strong>Sari-emate ekitaldia<\/strong><\/h2>\n<p>Lan irabazleen egileei sariak banatzeko eta lan horien laburpenak jendaurrean aurkezteko ekitaldia antolatu dute Soziolinguistika Klusterrak eta Euskal Herriko Unibertsitateak.<\/p>\n<ul>\n<li>Txillardegi-Hausnartu Soziolinguistika Sarien Banaketa Ekitaldia<\/li>\n<li>Abenduak 10, asteartea<\/li>\n<li>17:00<\/li>\n<li>Bizkaia Aretoa \u2013 UPV\/EHU, Bilbo<\/li>\n<\/ul>\n<\/div><\/div><\/div><\/div><\/div><div class=\"vc_col-sm-6 wpb_column vc_column_container\"><div class=\"vc_column-inner\"><div class=\"wpb_wrapper\"><div class=\"w-separator size_small\"><\/div><div class=\"w-slider style_none fit_scaledown nav_none count_30\"><div class=\"w-slider-h\" aria-hidden=\"true\"><div class=\"royalSlider\"><div class=\"rsContent\"><a class=\"rsImg\" data-rsw=\"1024\" data-rsh=\"683\" href=\"https:\/\/soziolinguistika.eus\/wp-content\/uploads\/2024\/12\/bb_2024121072709-1024x683.jpg\"><span data-alt=\"\"><\/span><\/a><\/div><div class=\"rsContent\"><a class=\"rsImg\" data-rsw=\"1024\" data-rsh=\"683\" href=\"https:\/\/soziolinguistika.eus\/wp-content\/uploads\/2024\/12\/bb_2024121072708-1024x683.jpg\"><span data-alt=\"\"><\/span><\/a><\/div><div class=\"rsContent\"><a class=\"rsImg\" data-rsw=\"1024\" data-rsh=\"683\" href=\"https:\/\/soziolinguistika.eus\/wp-content\/uploads\/2024\/12\/bb_2024121072705-1024x683.jpg\"><span data-alt=\"\"><\/span><\/a><\/div><div class=\"rsContent\"><a class=\"rsImg\" data-rsw=\"1024\" data-rsh=\"683\" href=\"https:\/\/soziolinguistika.eus\/wp-content\/uploads\/2024\/12\/bb_2024121072704-1024x683.jpg\"><span data-alt=\"\"><\/span><\/a><\/div><div class=\"rsContent\"><a class=\"rsImg\" data-rsw=\"683\" data-rsh=\"1024\" href=\"https:\/\/soziolinguistika.eus\/wp-content\/uploads\/2024\/12\/bb_2024121072703-683x1024.jpg\"><span data-alt=\"\"><\/span><\/a><\/div><div class=\"rsContent\"><a class=\"rsImg\" data-rsw=\"1024\" data-rsh=\"683\" href=\"https:\/\/soziolinguistika.eus\/wp-content\/uploads\/2024\/12\/bb_2024121072702-1024x683.jpg\"><span data-alt=\"\"><\/span><\/a><\/div><div class=\"rsContent\"><a class=\"rsImg\" data-rsw=\"1024\" data-rsh=\"683\" href=\"https:\/\/soziolinguistika.eus\/wp-content\/uploads\/2024\/12\/bb_2024121072701-1024x683.jpg\"><span data-alt=\"\"><\/span><\/a><\/div><div class=\"rsContent\"><a class=\"rsImg\" data-rsw=\"1024\" data-rsh=\"683\" href=\"https:\/\/soziolinguistika.eus\/wp-content\/uploads\/2024\/12\/bb_2024121072690-1024x683.jpg\"><span data-alt=\"\"><\/span><\/a><\/div><div class=\"rsContent\"><a class=\"rsImg\" data-rsw=\"1024\" data-rsh=\"683\" href=\"https:\/\/soziolinguistika.eus\/wp-content\/uploads\/2024\/12\/bb_2024121072691-1024x683.jpg\"><span data-alt=\"\"><\/span><\/a><\/div><div class=\"rsContent\"><a class=\"rsImg\" data-rsw=\"1024\" data-rsh=\"683\" href=\"https:\/\/soziolinguistika.eus\/wp-content\/uploads\/2024\/12\/bb_2024121072692-1024x683.jpg\"><span data-alt=\"\"><\/span><\/a><\/div><div class=\"rsContent\"><a class=\"rsImg\" data-rsw=\"1024\" data-rsh=\"683\" href=\"https:\/\/soziolinguistika.eus\/wp-content\/uploads\/2024\/12\/bb_2024121072693-1024x683.jpg\"><span data-alt=\"\"><\/span><\/a><\/div><div class=\"rsContent\"><a class=\"rsImg\" data-rsw=\"1024\" data-rsh=\"683\" href=\"https:\/\/soziolinguistika.eus\/wp-content\/uploads\/2024\/12\/bb_2024121072697-1024x683.jpg\"><span data-alt=\"\"><\/span><\/a><\/div><div class=\"rsContent\"><a class=\"rsImg\" data-rsw=\"1024\" data-rsh=\"683\" href=\"https:\/\/soziolinguistika.eus\/wp-content\/uploads\/2024\/12\/bb_2024121072698-1024x683.jpg\"><span data-alt=\"\"><\/span><\/a><\/div><div class=\"rsContent\"><a class=\"rsImg\" data-rsw=\"1024\" data-rsh=\"683\" href=\"https:\/\/soziolinguistika.eus\/wp-content\/uploads\/2024\/12\/bb_2024121072699-1024x683.jpg\"><span data-alt=\"\"><\/span><\/a><\/div><div class=\"rsContent\"><a class=\"rsImg\" data-rsw=\"1024\" data-rsh=\"683\" href=\"https:\/\/soziolinguistika.eus\/wp-content\/uploads\/2024\/12\/bb_2024121072700-1024x683.jpg\"><span data-alt=\"\"><\/span><\/a><\/div><div class=\"rsContent\"><a class=\"rsImg\" data-rsw=\"1024\" data-rsh=\"683\" href=\"https:\/\/soziolinguistika.eus\/wp-content\/uploads\/2024\/12\/bb_2024121072689-1024x683.jpg\"><span data-alt=\"\"><\/span><\/a><\/div><div class=\"rsContent\"><a class=\"rsImg\" data-rsw=\"1024\" data-rsh=\"683\" href=\"https:\/\/soziolinguistika.eus\/wp-content\/uploads\/2024\/12\/bb_2024121072687-1024x683.jpg\"><span data-alt=\"\"><\/span><\/a><\/div><div class=\"rsContent\"><a class=\"rsImg\" data-rsw=\"1024\" data-rsh=\"683\" href=\"https:\/\/soziolinguistika.eus\/wp-content\/uploads\/2024\/12\/bb_2024121072685-1024x683.jpg\"><span data-alt=\"\"><\/span><\/a><\/div><div class=\"rsContent\"><a class=\"rsImg\" data-rsw=\"1024\" data-rsh=\"683\" href=\"https:\/\/soziolinguistika.eus\/wp-content\/uploads\/2024\/12\/bb_2024121072684-1024x683.jpg\"><span data-alt=\"\"><\/span><\/a><\/div><div class=\"rsContent\"><a class=\"rsImg\" data-rsw=\"1024\" data-rsh=\"683\" href=\"https:\/\/soziolinguistika.eus\/wp-content\/uploads\/2024\/12\/bb_2024121072683-1024x683.jpg\"><span data-alt=\"\"><\/span><\/a><\/div><div class=\"rsContent\"><a class=\"rsImg\" data-rsw=\"1024\" data-rsh=\"683\" href=\"https:\/\/soziolinguistika.eus\/wp-content\/uploads\/2024\/12\/bb_2024121072682-1024x683.jpg\"><span data-alt=\"\"><\/span><\/a><\/div><div class=\"rsContent\"><a class=\"rsImg\" data-rsw=\"1024\" data-rsh=\"683\" href=\"https:\/\/soziolinguistika.eus\/wp-content\/uploads\/2024\/12\/bb_2024121072680-1024x683.jpg\"><span data-alt=\"\"><\/span><\/a><\/div><div class=\"rsContent\"><a class=\"rsImg\" data-rsw=\"1024\" data-rsh=\"683\" href=\"https:\/\/soziolinguistika.eus\/wp-content\/uploads\/2024\/12\/bb_2024121072679-1024x683.jpg\"><span data-alt=\"\"><\/span><\/a><\/div><div class=\"rsContent\"><a class=\"rsImg\" data-rsw=\"1024\" data-rsh=\"683\" href=\"https:\/\/soziolinguistika.eus\/wp-content\/uploads\/2024\/12\/bb_2024121072677-1024x683.jpg\"><span data-alt=\"\"><\/span><\/a><\/div><div class=\"rsContent\"><a class=\"rsImg\" data-rsw=\"1024\" data-rsh=\"683\" href=\"https:\/\/soziolinguistika.eus\/wp-content\/uploads\/2024\/12\/bb_2024121072675-1024x683.jpg\"><span data-alt=\"\"><\/span><\/a><\/div><div class=\"rsContent\"><a class=\"rsImg\" data-rsw=\"1024\" data-rsh=\"683\" href=\"https:\/\/soziolinguistika.eus\/wp-content\/uploads\/2024\/12\/bb_2024121072674-1024x683.jpg\"><span data-alt=\"\"><\/span><\/a><\/div><div class=\"rsContent\"><a class=\"rsImg\" data-rsw=\"1024\" data-rsh=\"683\" href=\"https:\/\/soziolinguistika.eus\/wp-content\/uploads\/2024\/12\/bb_2024121072673-1024x683.jpg\"><span data-alt=\"\"><\/span><\/a><\/div><div class=\"rsContent\"><a class=\"rsImg\" data-rsw=\"1024\" data-rsh=\"683\" href=\"https:\/\/soziolinguistika.eus\/wp-content\/uploads\/2024\/12\/bb_2024121072672-1024x683.jpg\"><span data-alt=\"\"><\/span><\/a><\/div><div class=\"rsContent\"><a class=\"rsImg\" data-rsw=\"1024\" data-rsh=\"683\" href=\"https:\/\/soziolinguistika.eus\/wp-content\/uploads\/2024\/12\/bb_2024121072671-1024x683.jpg\"><span data-alt=\"\"><\/span><\/a><\/div><div class=\"rsContent\"><a class=\"rsImg\" data-rsw=\"1024\" data-rsh=\"683\" href=\"https:\/\/soziolinguistika.eus\/wp-content\/uploads\/2024\/12\/bb_2024121072670-1024x683.jpg\"><span data-alt=\"\"><\/span><\/a><\/div><\/div><img decoding=\"async\" src=\"https:\/\/soziolinguistika.eus\/wp-content\/uploads\/2024\/12\/bb_2024121072709-1024x683.jpg\" width=\"1024\" height=\"683\" alt loading=\"lazy\"><\/div><div class=\"w-slider-json\" onclick='return {&quot;autoScaleSlider&quot;:true,&quot;addActiveClass&quot;:true,&quot;loop&quot;:true,&quot;fadeInLoadedSlide&quot;:false,&quot;slidesSpacing&quot;:0,&quot;imageScalePadding&quot;:0,&quot;numImagesToPreload&quot;:2,&quot;arrowsNav&quot;:true,&quot;arrowsNavAutoHide&quot;:false,&quot;transitionType&quot;:&quot;move&quot;,&quot;transitionSpeed&quot;:250,&quot;block&quot;:{&quot;moveEffect&quot;:&quot;none&quot;,&quot;speed&quot;:300},&quot;thumbs&quot;:{&quot;fitInViewport&quot;:false,&quot;firstMargin&quot;:false,&quot;spacing&quot;:4},&quot;controlNavigation&quot;:&quot;none&quot;,&quot;autoScaleSliderWidth&quot;:1024,&quot;autoScaleSliderHeight&quot;:683}'><\/div><\/div><\/div><\/div><\/div><\/div><\/div><\/section>\n","protected":false},"featured_media":88719,"template":"","class_list":["post-87759","txilardegi_hausnartu","type-txilardegi_hausnartu","status-publish","has-post-thumbnail","hentry"],"acf":[],"yoast_head":"<!-- This site is optimized with the Yoast SEO plugin v27.3 - https:\/\/yoast.com\/product\/yoast-seo-wordpress\/ -->\n<title>Txillardegi-Hausnartu Soziolinguistika Sariak 2024 XVII. edizioa - Soziolinguistika Klusterra<\/title>\n<meta name=\"robots\" content=\"index, follow, max-snippet:-1, max-image-preview:large, max-video-preview:-1\" \/>\n<link rel=\"canonical\" href=\"https:\/\/soziolinguistika.eus\/fr\/txilardegi_hausnartu\/txillardegi-hausnartu-soziolinguistika-sariak-2024-xvii-edizioa\/\" \/>\n<meta property=\"og:locale\" content=\"fr_FR\" \/>\n<meta property=\"og:type\" content=\"article\" \/>\n<meta property=\"og:title\" content=\"Txillardegi-Hausnartu Soziolinguistika Sariak 2024 XVII. edizioa - Soziolinguistika Klusterra\" \/>\n<meta property=\"og:url\" content=\"https:\/\/soziolinguistika.eus\/fr\/txilardegi_hausnartu\/txillardegi-hausnartu-soziolinguistika-sariak-2024-xvii-edizioa\/\" \/>\n<meta property=\"og:site_name\" content=\"Soziolinguistika Klusterra\" \/>\n<meta property=\"article:modified_time\" content=\"2026-01-07T10:40:53+00:00\" \/>\n<meta property=\"og:image\" content=\"https:\/\/soziolinguistika.eus\/wp-content\/uploads\/2024\/11\/bb_2024121072704-scaled.jpg\" \/>\n\t<meta property=\"og:image:width\" content=\"2560\" \/>\n\t<meta property=\"og:image:height\" content=\"1707\" \/>\n\t<meta property=\"og:image:type\" content=\"image\/jpeg\" \/>\n<meta name=\"twitter:card\" content=\"summary_large_image\" \/>\n<meta name=\"twitter:label1\" content=\"Dur\u00e9e de lecture estim\u00e9e\" \/>\n\t<meta name=\"twitter:data1\" content=\"3 minutes\" \/>\n<script type=\"application\/ld+json\" class=\"yoast-schema-graph\">{\"@context\":\"https:\\\/\\\/schema.org\",\"@graph\":[{\"@type\":\"WebPage\",\"@id\":\"https:\\\/\\\/soziolinguistika.eus\\\/fr\\\/txilardegi_hausnartu\\\/txillardegi-hausnartu-soziolinguistika-sariak-2024-xvii-edizioa\\\/\",\"url\":\"https:\\\/\\\/soziolinguistika.eus\\\/fr\\\/txilardegi_hausnartu\\\/txillardegi-hausnartu-soziolinguistika-sariak-2024-xvii-edizioa\\\/\",\"name\":\"Txillardegi-Hausnartu Soziolinguistika Sariak 2024 XVII. edizioa - Soziolinguistika Klusterra\",\"isPartOf\":{\"@id\":\"https:\\\/\\\/soziolinguistika.eus\\\/fr\\\/#website\"},\"primaryImageOfPage\":{\"@id\":\"https:\\\/\\\/soziolinguistika.eus\\\/fr\\\/txilardegi_hausnartu\\\/txillardegi-hausnartu-soziolinguistika-sariak-2024-xvii-edizioa\\\/#primaryimage\"},\"image\":{\"@id\":\"https:\\\/\\\/soziolinguistika.eus\\\/fr\\\/txilardegi_hausnartu\\\/txillardegi-hausnartu-soziolinguistika-sariak-2024-xvii-edizioa\\\/#primaryimage\"},\"thumbnailUrl\":\"https:\\\/\\\/soziolinguistika.eus\\\/wp-content\\\/uploads\\\/2024\\\/11\\\/bb_2024121072704-scaled.jpg\",\"datePublished\":\"2024-11-26T10:54:27+00:00\",\"dateModified\":\"2026-01-07T10:40:53+00:00\",\"breadcrumb\":{\"@id\":\"https:\\\/\\\/soziolinguistika.eus\\\/fr\\\/txilardegi_hausnartu\\\/txillardegi-hausnartu-soziolinguistika-sariak-2024-xvii-edizioa\\\/#breadcrumb\"},\"inLanguage\":\"fr-FR\",\"potentialAction\":[{\"@type\":\"ReadAction\",\"target\":[\"https:\\\/\\\/soziolinguistika.eus\\\/fr\\\/txilardegi_hausnartu\\\/txillardegi-hausnartu-soziolinguistika-sariak-2024-xvii-edizioa\\\/\"]}]},{\"@type\":\"ImageObject\",\"inLanguage\":\"fr-FR\",\"@id\":\"https:\\\/\\\/soziolinguistika.eus\\\/fr\\\/txilardegi_hausnartu\\\/txillardegi-hausnartu-soziolinguistika-sariak-2024-xvii-edizioa\\\/#primaryimage\",\"url\":\"https:\\\/\\\/soziolinguistika.eus\\\/wp-content\\\/uploads\\\/2024\\\/11\\\/bb_2024121072704-scaled.jpg\",\"contentUrl\":\"https:\\\/\\\/soziolinguistika.eus\\\/wp-content\\\/uploads\\\/2024\\\/11\\\/bb_2024121072704-scaled.jpg\",\"width\":2560,\"height\":1707,\"caption\":\"2024-12-10, Bilbo. Soziolinguistika Klusterra, urteroko Sari Banaketa. 10-12-2024, Bilbao. Cluster Socioling\u00fc\u00edstico, entrega de premios del a\u00f1o.\"},{\"@type\":\"BreadcrumbList\",\"@id\":\"https:\\\/\\\/soziolinguistika.eus\\\/fr\\\/txilardegi_hausnartu\\\/txillardegi-hausnartu-soziolinguistika-sariak-2024-xvii-edizioa\\\/#breadcrumb\",\"itemListElement\":[{\"@type\":\"ListItem\",\"position\":1,\"name\":\"Soziolinguistika klusterra\",\"item\":\"https:\\\/\\\/soziolinguistika.eus\\\/fr\\\/\"},{\"@type\":\"ListItem\",\"position\":2,\"name\":\"Txillardegi-Hausnartu Soziolinguistika Sariak 2024 XVII. edizioa\"}]},{\"@type\":\"WebSite\",\"@id\":\"https:\\\/\\\/soziolinguistika.eus\\\/fr\\\/#website\",\"url\":\"https:\\\/\\\/soziolinguistika.eus\\\/fr\\\/\",\"name\":\"Soziolinguistika Klusterra\",\"description\":\"Euskara biziberritzeko ikergunea\",\"potentialAction\":[{\"@type\":\"SearchAction\",\"target\":{\"@type\":\"EntryPoint\",\"urlTemplate\":\"https:\\\/\\\/soziolinguistika.eus\\\/fr\\\/?s={search_term_string}\"},\"query-input\":{\"@type\":\"PropertyValueSpecification\",\"valueRequired\":true,\"valueName\":\"search_term_string\"}}],\"inLanguage\":\"fr-FR\"}]}<\/script>\n<!-- \/ Yoast SEO plugin. -->","yoast_head_json":{"title":"Txillardegi-Hausnartu Soziolinguistika Sariak 2024 XVII. edizioa - Soziolinguistika Klusterra","robots":{"index":"index","follow":"follow","max-snippet":"max-snippet:-1","max-image-preview":"max-image-preview:large","max-video-preview":"max-video-preview:-1"},"canonical":"https:\/\/soziolinguistika.eus\/fr\/txilardegi_hausnartu\/txillardegi-hausnartu-soziolinguistika-sariak-2024-xvii-edizioa\/","og_locale":"fr_FR","og_type":"article","og_title":"Txillardegi-Hausnartu Soziolinguistika Sariak 2024 XVII. edizioa - Soziolinguistika Klusterra","og_url":"https:\/\/soziolinguistika.eus\/fr\/txilardegi_hausnartu\/txillardegi-hausnartu-soziolinguistika-sariak-2024-xvii-edizioa\/","og_site_name":"Soziolinguistika Klusterra","article_modified_time":"2026-01-07T10:40:53+00:00","og_image":[{"width":2560,"height":1707,"url":"https:\/\/soziolinguistika.eus\/wp-content\/uploads\/2024\/11\/bb_2024121072704-scaled.jpg","type":"image\/jpeg"}],"twitter_card":"summary_large_image","twitter_misc":{"Dur\u00e9e de lecture estim\u00e9e":"3 minutes"},"schema":{"@context":"https:\/\/schema.org","@graph":[{"@type":"WebPage","@id":"https:\/\/soziolinguistika.eus\/fr\/txilardegi_hausnartu\/txillardegi-hausnartu-soziolinguistika-sariak-2024-xvii-edizioa\/","url":"https:\/\/soziolinguistika.eus\/fr\/txilardegi_hausnartu\/txillardegi-hausnartu-soziolinguistika-sariak-2024-xvii-edizioa\/","name":"Txillardegi-Hausnartu Soziolinguistika Sariak 2024 XVII. edizioa - Soziolinguistika Klusterra","isPartOf":{"@id":"https:\/\/soziolinguistika.eus\/fr\/#website"},"primaryImageOfPage":{"@id":"https:\/\/soziolinguistika.eus\/fr\/txilardegi_hausnartu\/txillardegi-hausnartu-soziolinguistika-sariak-2024-xvii-edizioa\/#primaryimage"},"image":{"@id":"https:\/\/soziolinguistika.eus\/fr\/txilardegi_hausnartu\/txillardegi-hausnartu-soziolinguistika-sariak-2024-xvii-edizioa\/#primaryimage"},"thumbnailUrl":"https:\/\/soziolinguistika.eus\/wp-content\/uploads\/2024\/11\/bb_2024121072704-scaled.jpg","datePublished":"2024-11-26T10:54:27+00:00","dateModified":"2026-01-07T10:40:53+00:00","breadcrumb":{"@id":"https:\/\/soziolinguistika.eus\/fr\/txilardegi_hausnartu\/txillardegi-hausnartu-soziolinguistika-sariak-2024-xvii-edizioa\/#breadcrumb"},"inLanguage":"fr-FR","potentialAction":[{"@type":"ReadAction","target":["https:\/\/soziolinguistika.eus\/fr\/txilardegi_hausnartu\/txillardegi-hausnartu-soziolinguistika-sariak-2024-xvii-edizioa\/"]}]},{"@type":"ImageObject","inLanguage":"fr-FR","@id":"https:\/\/soziolinguistika.eus\/fr\/txilardegi_hausnartu\/txillardegi-hausnartu-soziolinguistika-sariak-2024-xvii-edizioa\/#primaryimage","url":"https:\/\/soziolinguistika.eus\/wp-content\/uploads\/2024\/11\/bb_2024121072704-scaled.jpg","contentUrl":"https:\/\/soziolinguistika.eus\/wp-content\/uploads\/2024\/11\/bb_2024121072704-scaled.jpg","width":2560,"height":1707,"caption":"2024-12-10, Bilbo. Soziolinguistika Klusterra, urteroko Sari Banaketa. 10-12-2024, Bilbao. Cluster Socioling\u00fc\u00edstico, entrega de premios del a\u00f1o."},{"@type":"BreadcrumbList","@id":"https:\/\/soziolinguistika.eus\/fr\/txilardegi_hausnartu\/txillardegi-hausnartu-soziolinguistika-sariak-2024-xvii-edizioa\/#breadcrumb","itemListElement":[{"@type":"ListItem","position":1,"name":"Soziolinguistika klusterra","item":"https:\/\/soziolinguistika.eus\/fr\/"},{"@type":"ListItem","position":2,"name":"Txillardegi-Hausnartu Soziolinguistika Sariak 2024 XVII. edizioa"}]},{"@type":"WebSite","@id":"https:\/\/soziolinguistika.eus\/fr\/#website","url":"https:\/\/soziolinguistika.eus\/fr\/","name":"Soziolinguistika Klusterra","description":"Euskara biziberritzeko ikergunea","potentialAction":[{"@type":"SearchAction","target":{"@type":"EntryPoint","urlTemplate":"https:\/\/soziolinguistika.eus\/fr\/?s={search_term_string}"},"query-input":{"@type":"PropertyValueSpecification","valueRequired":true,"valueName":"search_term_string"}}],"inLanguage":"fr-FR"}]}},"_links":{"self":[{"href":"https:\/\/soziolinguistika.eus\/fr\/wp-json\/wp\/v2\/txilardegi_hausnartu\/87759","targetHints":{"allow":["GET"]}}],"collection":[{"href":"https:\/\/soziolinguistika.eus\/fr\/wp-json\/wp\/v2\/txilardegi_hausnartu"}],"about":[{"href":"https:\/\/soziolinguistika.eus\/fr\/wp-json\/wp\/v2\/types\/txilardegi_hausnartu"}],"wp:featuredmedia":[{"embeddable":true,"href":"https:\/\/soziolinguistika.eus\/fr\/wp-json\/wp\/v2\/media\/88719"}],"wp:attachment":[{"href":"https:\/\/soziolinguistika.eus\/fr\/wp-json\/wp\/v2\/media?parent=87759"}],"curies":[{"name":"wp","href":"https:\/\/api.w.org\/{rel}","templated":true}]}}